{"id":2125,"date":"2016-11-22T12:56:40","date_gmt":"2016-11-22T11:56:40","guid":{"rendered":"http:\/\/www.la-tete-de-mule.fr\/?page_id=2125"},"modified":"2017-11-04T08:59:31","modified_gmt":"2017-11-04T07:59:31","slug":"programme-2017","status":"publish","type":"page","link":"https:\/\/www.la-tete-de-mule.fr\/?page_id=2125","title":{"rendered":"\u00c9dition 2017"},"content":{"rendered":"<p><strong>Tous les spectacles ont lieu \u00e0 20 h<\/strong><\/p>\n<h1><a href=\"http:\/\/www.la-tete-de-mule.fr\/?attachment_id=2127\" rel=\"attachment wp-att-2127\"><img loading=\"lazy\" decoding=\"async\" class=\"alignleft size-full wp-image-2127\" src=\"http:\/\/www.la-tete-de-mule.fr\/wp-content\/uploads\/2016\/11\/cottet-moine.jpg\" alt=\"cottet-moine\" width=\"3661\" height=\"2440\" srcset=\"https:\/\/www.la-tete-de-mule.fr\/wp-content\/uploads\/2016\/11\/cottet-moine.jpg 3661w, https:\/\/www.la-tete-de-mule.fr\/wp-content\/uploads\/2016\/11\/cottet-moine-300x200.jpg 300w, https:\/\/www.la-tete-de-mule.fr\/wp-content\/uploads\/2016\/11\/cottet-moine-768x512.jpg 768w, https:\/\/www.la-tete-de-mule.fr\/wp-content\/uploads\/2016\/11\/cottet-moine-1024x682.jpg 1024w, https:\/\/www.la-tete-de-mule.fr\/wp-content\/uploads\/2016\/11\/cottet-moine-600x400.jpg 600w\" sizes=\"auto, (max-width: 3661px) 100vw, 3661px\" \/><\/a><\/h1>\n<p>&nbsp;<\/p>\n<p>&nbsp;<\/p>\n<h1>\u00a0Mime de rien<\/h1>\n<h2>13 &amp; 14 janvier<\/h2>\n<h5>Cr\u00e9\u00e9 et interpr\u00e9t\u00e9 par<br \/>\nPatrik Cottet-Moine<br \/>\nMise en sc\u00e8ne et cr\u00e9ation lumi\u00e8re :<br \/>\nPatricia Jean<br \/>\nProduction : En compagnie des Z\u00e8bres<\/h5>\n<p>Ce farfelu sort des sentiers o\u00f9 il s\u2019est battu pour refaire le monde, le sien, aussi vaste que son\u00a0 imagination. D\u2019un\u00a0 rien,\u00a0 il\u00a0 dessine des univers\u00a0 entiers\u00a0 avec\u00a0 un\u00a0 art<br \/>\nconsomm\u00e9 du mouvement et de l\u2019acuit\u00e9 du regard. C\u2019est un adroit qui se pla\u00eet \u00e0 jouer les maladroits, un magicien de la gestuelle qui peut transformer un tabouret en ange, un drap en cheval&#8230;<\/p>\n<p><em>L\u2019escogriffe au corps \u00e9lastique, sorti tout droit d\u2019un cartoon de Tex Avery, surprend constamment dans des sayn\u00e8tes hilarantes !<\/em> <strong>Le Canard encha\u00een\u00e9<\/strong><\/p>\n<p>&nbsp;<\/p>\n<h1><a href=\"http:\/\/www.la-tete-de-mule.fr\/?attachment_id=2128\" rel=\"attachment wp-att-2128\"><img loading=\"lazy\" decoding=\"async\" class=\"alignleft size-full wp-image-2128\" src=\"http:\/\/www.la-tete-de-mule.fr\/wp-content\/uploads\/2016\/11\/detroit.jpg\" alt=\"detroit\" width=\"2912\" height=\"1941\" srcset=\"https:\/\/www.la-tete-de-mule.fr\/wp-content\/uploads\/2016\/11\/detroit.jpg 2912w, https:\/\/www.la-tete-de-mule.fr\/wp-content\/uploads\/2016\/11\/detroit-300x200.jpg 300w, https:\/\/www.la-tete-de-mule.fr\/wp-content\/uploads\/2016\/11\/detroit-768x512.jpg 768w, https:\/\/www.la-tete-de-mule.fr\/wp-content\/uploads\/2016\/11\/detroit-1024x683.jpg 1024w, https:\/\/www.la-tete-de-mule.fr\/wp-content\/uploads\/2016\/11\/detroit-600x400.jpg 600w\" sizes=\"auto, (max-width: 2912px) 100vw, 2912px\" \/><\/a>Gilles D\u00e9troit fait des nouveaux sketchs&#8230; et aussi quelques anciens !<\/h1>\n<h2>20 &amp; 21 janvier<\/h2>\n<h5>Auteur, metteur en sc\u00e8ne : Gilles D\u00e9troit<\/h5>\n<p>Le quotidien vous ennuie ? Avec Gilles D\u00e9troit, ma\u00eetre incontest\u00e9 des petites choses de la vie, il devient une v\u00e9ritable aventure humaine, pr\u00e9texte \u00e0 rire et r\u00e9fl\u00e9chir. Apr\u00e8s nous avoir parl\u00e9 des imp\u00f4ts et d\u2019Internet&#8230; il s\u2019attaque\u00a0 maintenant aux imp\u00f4ts qu\u2018on doit d\u00e9clarer sur Internet !\u00a0 Et aussi de pleins d\u2019autres choses tr\u00e8s \u00ab\u00a0rigolotes \u00bb comme l\u2019accueil \u00e0 P\u00f4le-Emploi, le tri s\u00e9lectif, les bienfaits du bio ou les m\u00e9faits du sport&#8230;<\/p>\n<p><em>Son esprit caustique fait merveille !<\/em> <strong>T\u00e9l\u00e9rama<\/strong><\/p>\n<p>&nbsp;<\/p>\n<h1><a href=\"http:\/\/www.la-tete-de-mule.fr\/?attachment_id=2130\" rel=\"attachment wp-att-2130\"><img loading=\"lazy\" decoding=\"async\" class=\"alignleft size-full wp-image-2130\" src=\"http:\/\/www.la-tete-de-mule.fr\/wp-content\/uploads\/2016\/11\/maxbird.jpg\" alt=\"maxbird\" width=\"1468\" height=\"978\" srcset=\"https:\/\/www.la-tete-de-mule.fr\/wp-content\/uploads\/2016\/11\/maxbird.jpg 1468w, https:\/\/www.la-tete-de-mule.fr\/wp-content\/uploads\/2016\/11\/maxbird-300x200.jpg 300w, https:\/\/www.la-tete-de-mule.fr\/wp-content\/uploads\/2016\/11\/maxbird-768x512.jpg 768w, https:\/\/www.la-tete-de-mule.fr\/wp-content\/uploads\/2016\/11\/maxbird-1024x682.jpg 1024w, https:\/\/www.la-tete-de-mule.fr\/wp-content\/uploads\/2016\/11\/maxbird-600x400.jpg 600w\" sizes=\"auto, (max-width: 1468px) 100vw, 1468px\" \/><\/a>Max Bird<\/h1>\n<h2>27 &amp; 28 janvier<\/h2>\n<h5>L\u2019Encyclo-Spectacle<br \/>\nAuteur : Maxime D\u00e9chelles<br \/>\nArtiste : Max Bird<br \/>\nMetteur en sc\u00e8ne : Maxime D\u00e9chelles<\/h5>\n<p>\u00c0 la fois instructif, visuel et d\u00e9jant\u00e9, le com\u00e9dien s\u2019\u00e9loigne des codes du one man show et nous emporte dans des contr\u00e9es humoristiques nouvelles, \u00e0 la recherche d\u2019un oiseau rare dans la jungle d\u2019Amazonie, dans les m\u00e9andres microscopiques du corps humain ou encore au milieu des querelles divines de l\u2019Egypte ancienne.<\/p>\n<p><em>Incroyable\u00a0pr\u00e9sence sc\u00e9nique, corps et visage sans cesse en transformation, il est LE prof\u00a0qu\u2019on aurait tous\u00a0souhait\u00e9 avoir !<\/em><br \/>\n<strong>La Nouvelle R\u00e9publique<\/strong><\/p>\n<p>&nbsp;<\/p>\n<p><img loading=\"lazy\" decoding=\"async\" class=\"size-full wp-image-2132\" src=\"http:\/\/www.la-tete-de-mule.fr\/wp-content\/uploads\/2016\/11\/coppens.jpg\" alt=\"Bruno Coppens, TRAC, filage, Atelier Th\u00e9\u00e2tre Jean Vilar, Louvain-la-Neuve\" width=\"2543\" height=\"1694\" srcset=\"https:\/\/www.la-tete-de-mule.fr\/wp-content\/uploads\/2016\/11\/coppens.jpg 2543w, https:\/\/www.la-tete-de-mule.fr\/wp-content\/uploads\/2016\/11\/coppens-300x200.jpg 300w, https:\/\/www.la-tete-de-mule.fr\/wp-content\/uploads\/2016\/11\/coppens-768x512.jpg 768w, https:\/\/www.la-tete-de-mule.fr\/wp-content\/uploads\/2016\/11\/coppens-1024x682.jpg 1024w, https:\/\/www.la-tete-de-mule.fr\/wp-content\/uploads\/2016\/11\/coppens-600x400.jpg 600w\" sizes=\"auto, (max-width: 2543px) 100vw, 2543px\" \/><\/p>\n<h1>Bruno Coppens<\/h1>\n<h2>3 &amp; 4 f\u00e9vrier<\/h2>\n<h5>dans<br \/>\nTrac !<br \/>\nTexte et interpr\u00e9tation : Bruno Coppens<br \/>\nMise en sc\u00e8ne : Eric de Staercke<br \/>\nMusique : Eloi Baudimont<br \/>\nProduction Acte 2 en accord avec Exquis Mots<\/h5>\n<p>\u00catre assis dans une salle de spectacle entour\u00e9 d\u2019inconnus&#8230; Normal que vous ayez la chair de foule. Vous avez juste un rikiki d\u2019accoudoir pour pr\u00e9server votre intimidit\u00e9 et ce coude qui d\u00e9j\u00e0 vous fr\u00f4le&#8230; Vous sentez vos poils qui stressent au garde-\u00e0-vous ! Puis soudain, le noir qui vous tombe dessus, c\u2019est s\u00fbr, cela troue la fouille&#8230; \u00c7a fout la trouille !<\/p>\n<p><em>Il se joue des mots et instaure une complicit\u00e9 espi\u00e8gle avec le public.<\/em> <strong>Figaroscope<\/strong><\/p>\n<p>&nbsp;<\/p>\n<h1><a href=\"http:\/\/www.la-tete-de-mule.fr\/?attachment_id=2133\" rel=\"attachment wp-att-2133\"><img loading=\"lazy\" decoding=\"async\" class=\"alignleft size-full wp-image-2133\" src=\"http:\/\/www.la-tete-de-mule.fr\/wp-content\/uploads\/2016\/11\/jeanlou.jpg\" alt=\"jeanlou\" width=\"3456\" height=\"2303\" srcset=\"https:\/\/www.la-tete-de-mule.fr\/wp-content\/uploads\/2016\/11\/jeanlou.jpg 3456w, https:\/\/www.la-tete-de-mule.fr\/wp-content\/uploads\/2016\/11\/jeanlou-300x200.jpg 300w, https:\/\/www.la-tete-de-mule.fr\/wp-content\/uploads\/2016\/11\/jeanlou-768x512.jpg 768w, https:\/\/www.la-tete-de-mule.fr\/wp-content\/uploads\/2016\/11\/jeanlou-1024x682.jpg 1024w, https:\/\/www.la-tete-de-mule.fr\/wp-content\/uploads\/2016\/11\/jeanlou-600x400.jpg 600w\" sizes=\"auto, (max-width: 3456px) 100vw, 3456px\" \/><\/a>Jean-Jacques 2<\/h1>\n<h2>10 &amp; 11 f\u00e9vrier<\/h2>\n<h5>De et avec Jean-Lou de Tapia<br \/>\nMise en sc\u00e8ne : Chantal Farinelli<br \/>\nMusique : Eric Page<br \/>\nC3J productions<\/h5>\n<p>La vie de Jean-Jacques, c\u2019est comme si la colombe de la paix se mangeait une vitre en plein vol !<br \/>\nAttention c\u2019est un vrai seul en sc\u00e8ne, men\u00e9 par un personnage extraordinaire qui va vous transporter dans un univers jamais vu et dr\u00f4le . Dans ce nouveau spectacle, vous retrouverez les codes du premier spectacle qui a remport\u00e9 17 prix en 12 festivals, mais Jean-Jacques vous promet des nouvelles folies. Jean-Jacques est un CON ! c\u2019est un foutraque malicieux, un grand optimiste, un loser magnifique. Il est unique, original, burlesque, incisif, et tr\u00e8s attachant.<\/p>\n<p><em>Jean-Lou de Tapia, alias Jean-Jacques, est un artiste irr\u00e9sistible.<\/em> <strong>Sud-Ouest<\/strong><\/p>\n<p>&nbsp;<\/p>\n<p><a href=\"http:\/\/www.la-tete-de-mule.fr\/?attachment_id=2134\" rel=\"attachment wp-att-2134\"><img loading=\"lazy\" decoding=\"async\" class=\"size-full wp-image-2134\" src=\"http:\/\/www.la-tete-de-mule.fr\/wp-content\/uploads\/2016\/11\/Ali.jpg\" alt=\"Ali au Pays des Merveilles\" width=\"1507\" height=\"1004\" srcset=\"https:\/\/www.la-tete-de-mule.fr\/wp-content\/uploads\/2016\/11\/Ali.jpg 1507w, https:\/\/www.la-tete-de-mule.fr\/wp-content\/uploads\/2016\/11\/Ali-300x200.jpg 300w, https:\/\/www.la-tete-de-mule.fr\/wp-content\/uploads\/2016\/11\/Ali-768x512.jpg 768w, https:\/\/www.la-tete-de-mule.fr\/wp-content\/uploads\/2016\/11\/Ali-1024x682.jpg 1024w, https:\/\/www.la-tete-de-mule.fr\/wp-content\/uploads\/2016\/11\/Ali-600x400.jpg 600w\" sizes=\"auto, (max-width: 1507px) 100vw, 1507px\" \/><\/a><\/p>\n<h1>Ali&#8230; au pays des Merveilles<\/h1>\n<h2>17 &amp; 18 f\u00e9vrier<\/h2>\n<p>Spectacle \u00e9crit et interpr\u00e9t\u00e9 par Ali Bougheraba<br \/>\nMise en sc\u00e8ne : D. Landucci<br \/>\nCo-auteurs: A. Bougheraba et D. Landucci<\/p>\n<p>Dans le pays o\u00f9 Ali a grandi, les cultures\u00a0 et les dialectes se croisent et se\u00a0 m\u00e9langent, les odeurs d\u2019\u00e9pices orientales\u00a0 c\u00f4toient celles des sauces tomates\u00a0 italiennes&#8230; C\u2019est avec tendresse, humour\u00a0 et po\u00e9sie qu\u2019Ali nous fait d\u00e9couvrir son\u00a0 quartier&#8230; son pays merveilleux&#8230; Ali tient\u00a0 le r\u00f4le du narrateur de ce conte socioburlesque, une sorte de fable\u00a0 contemporaine fortement inspir\u00e9e de la\u00a0 r\u00e9alit\u00e9. Ce pays o\u00f9 dans le m\u00eame quart d\u2019heure\u00a0 on se f\u00e2che \u00e0 mort puis on se r\u00e9concilie\u00a0 autour d\u2019un verre, ce pays c\u2019est son\u00a0 quartier, Le Panier, le plus vieux quartier de Marseille.<\/p>\n<p><em>Ali est au \u00ab pays des merveilles \u00bb, le public aussi.<\/em> <strong>T\u00e9l\u00e9rama<\/strong><\/p>\n<p>&nbsp;<\/p>\n<h1><a href=\"http:\/\/www.la-tete-de-mule.fr\/?attachment_id=2136\" rel=\"attachment wp-att-2136\"><img loading=\"lazy\" decoding=\"async\" class=\"alignleft size-full wp-image-2136\" src=\"http:\/\/www.la-tete-de-mule.fr\/wp-content\/uploads\/2016\/11\/Claudette.jpg\" alt=\"claudette\" width=\"2592\" height=\"1727\" srcset=\"https:\/\/www.la-tete-de-mule.fr\/wp-content\/uploads\/2016\/11\/Claudette.jpg 2592w, https:\/\/www.la-tete-de-mule.fr\/wp-content\/uploads\/2016\/11\/Claudette-300x200.jpg 300w, https:\/\/www.la-tete-de-mule.fr\/wp-content\/uploads\/2016\/11\/Claudette-768x512.jpg 768w, https:\/\/www.la-tete-de-mule.fr\/wp-content\/uploads\/2016\/11\/Claudette-1024x682.jpg 1024w, https:\/\/www.la-tete-de-mule.fr\/wp-content\/uploads\/2016\/11\/Claudette-600x400.jpg 600w\" sizes=\"auto, (max-width: 2592px) 100vw, 2592px\" \/><\/a>Claudette et les femmes<\/h1>\n<h2>10 &amp; 11 mars<\/h2>\n<h5>\u00c9criture et interpr\u00e9tation : Sandrine Bourreau<br \/>\nCo-\u00e9criture et mise en sc\u00e8ne : Anne Marcel<\/h5>\n<p>Claudette Fuzeau le sait ! Les femmes souffrent ! Les femmes culpabilisent\u00a0 encore et toujours ! Apr\u00e8s moult p\u00e9r\u00e9grinations, travaux en tous genres, des lectures de grands scientifiques (Jacques Salom\u00e9, Henri-Emmanuel Schmitt, Psychologie Magazine\u2026), cette femme, agricultrice des Deux-S\u00e8vres, magn\u00e9tiseuse de mogettes, th\u00e9rapeute \u00e9clair\u00e9e, a peut-\u00eatre trouv\u00e9 le pourquoi du pourquoi du comment.<\/p>\n<p><em>Claudette Fuzeau, donneuse de bonheur patent\u00e9e, est une humaniste qui veut remettre le bonheur au go\u00fbt du jour.<\/em> <strong>La Voix du Nord<\/strong><\/p>\n<p>&nbsp;<\/p>\n<h1><a href=\"http:\/\/www.la-tete-de-mule.fr\/?attachment_id=2137\" rel=\"attachment wp-att-2137\"><img loading=\"lazy\" decoding=\"async\" class=\"alignleft size-full wp-image-2137\" src=\"http:\/\/www.la-tete-de-mule.fr\/wp-content\/uploads\/2016\/11\/The-Figurants.jpg\" alt=\"the-figurants\" width=\"5200\" height=\"3466\" srcset=\"https:\/\/www.la-tete-de-mule.fr\/wp-content\/uploads\/2016\/11\/The-Figurants.jpg 5200w, https:\/\/www.la-tete-de-mule.fr\/wp-content\/uploads\/2016\/11\/The-Figurants-300x200.jpg 300w, https:\/\/www.la-tete-de-mule.fr\/wp-content\/uploads\/2016\/11\/The-Figurants-768x512.jpg 768w, https:\/\/www.la-tete-de-mule.fr\/wp-content\/uploads\/2016\/11\/The-Figurants-1024x683.jpg 1024w, https:\/\/www.la-tete-de-mule.fr\/wp-content\/uploads\/2016\/11\/The-Figurants-600x400.jpg 600w\" sizes=\"auto, (max-width: 5200px) 100vw, 5200px\" \/><\/a>The Figurants<\/h1>\n<h2>17 &amp; 18 mars<\/h2>\n<h5>Ecrit par Christian Dupouy<br \/>\nAvec Luc Carpentier et Christian Dupouy<br \/>\nMise en sc\u00e8ne de Luc Carpentier et Christian Dupouy<br \/>\nVoix-off : Antoine Landon<\/h5>\n<p>Vous avez aim\u00e9 \u00abThe Artist \u00bb. Voici \u00ab The Figurants \u00bb, deux acteurs jamais nomin\u00e9s, jamais rappel\u00e9s, bavards et chantants. Bref, aucun rapport. Voici d\u2019ailleurs la recette de \u00ab The Figurants \u00bb, l\u2019histoire de deux figurants qui eux, ne firent jamais recette. Prenez un huis clos dans lequel\u00a0 vous incorporez deux acteurs rat\u00e9s, \u00e9gocentriques et narcissiques. Pour donner du liant, ajoutez une bonne dose de \u00a0chansons parodi\u00e9es en tout genre et un zeste d\u2019autod\u00e9rision&#8230;<\/p>\n<p><em>Un two men show parodico-comico-musical d\u00e9lur\u00e9 et jubilatoire qui comporte de v\u00e9ritables moments d\u2019anthologie [\u2026]<\/em><strong>Froggy\u2019s delight<\/strong><\/p>\n<p>&nbsp;<\/p>\n<h1><a href=\"http:\/\/www.la-tete-de-mule.fr\/?attachment_id=2138\" rel=\"attachment wp-att-2138\"><img loading=\"lazy\" decoding=\"async\" class=\"alignleft size-full wp-image-2138\" src=\"http:\/\/www.la-tete-de-mule.fr\/wp-content\/uploads\/2016\/11\/gaberic.jpg\" alt=\"gaberic\" width=\"4501\" height=\"3000\" srcset=\"https:\/\/www.la-tete-de-mule.fr\/wp-content\/uploads\/2016\/11\/gaberic.jpg 4501w, https:\/\/www.la-tete-de-mule.fr\/wp-content\/uploads\/2016\/11\/gaberic-300x200.jpg 300w, https:\/\/www.la-tete-de-mule.fr\/wp-content\/uploads\/2016\/11\/gaberic-768x512.jpg 768w, https:\/\/www.la-tete-de-mule.fr\/wp-content\/uploads\/2016\/11\/gaberic-1024x683.jpg 1024w, https:\/\/www.la-tete-de-mule.fr\/wp-content\/uploads\/2016\/11\/gaberic-600x400.jpg 600w\" sizes=\"auto, (max-width: 4501px) 100vw, 4501px\" \/><\/a>Mon fr\u00e8re Blanc<\/h1>\n<h2>24 &amp; 25 mars<\/h2>\n<h5>\u00c9crit et interpr\u00e9t\u00e9 par Gabriel Dermidjian et \u00c9ric Blanc<br \/>\nUne production Yescomon<\/h5>\n<p>Tout se passe dans une loge de th\u00e9\u00e2tre, partag\u00e9e ce soir l\u00e0 par Gabriel et Eric, une heure et demie avant de monter sur sc\u00e8ne pour une figure impos\u00e9e : un in\u00e9dit duo d\u2019humoristes. Ils sont amis, se fr\u00e9quentent depuis des ann\u00e9es mais se connaissent-ils vraiment\u00a0? Pour monter sur sc\u00e8ne ensemble, se raconter et se rencontrer, il va falloir atomiser les clich\u00e9s, pulv\u00e9riser les lieux communs et transcender les diff\u00e9rences de caract\u00e8re assum\u00e9es par ces deux fortes personnalit\u00e9s. Leur complicit\u00e9 jubilatoire va fournir le carburant \u00e0 cette exp\u00e9rience sc\u00e9nique in\u00e9dite.<\/p>\n<p><em>Un spectacle \u00e0 deux, pas un duo !<\/em> <strong>Le Dauphin\u00e9 Lib\u00e9r\u00e9<\/strong><\/p>\n<p>&nbsp;<\/p>\n<h1><a href=\"http:\/\/www.la-tete-de-mule.fr\/?attachment_id=2140\" rel=\"attachment wp-att-2140\"><img loading=\"lazy\" decoding=\"async\" class=\"alignleft size-full wp-image-2140\" src=\"http:\/\/www.la-tete-de-mule.fr\/wp-content\/uploads\/2016\/11\/scenesmenage.jpg\" alt=\"scenesmenage\" width=\"3043\" height=\"2027\" srcset=\"https:\/\/www.la-tete-de-mule.fr\/wp-content\/uploads\/2016\/11\/scenesmenage.jpg 3043w, https:\/\/www.la-tete-de-mule.fr\/wp-content\/uploads\/2016\/11\/scenesmenage-300x200.jpg 300w, https:\/\/www.la-tete-de-mule.fr\/wp-content\/uploads\/2016\/11\/scenesmenage-768x512.jpg 768w, https:\/\/www.la-tete-de-mule.fr\/wp-content\/uploads\/2016\/11\/scenesmenage-1024x682.jpg 1024w, https:\/\/www.la-tete-de-mule.fr\/wp-content\/uploads\/2016\/11\/scenesmenage-600x400.jpg 600w\" sizes=\"auto, (max-width: 3043px) 100vw, 3043px\" \/><\/a>Sc\u00e8nes de mariage<\/h1>\n<h2>31 mars &amp; 1er avril<\/h2>\n<h5>Com\u00e9die \u00e0 deux personnages et un porte-manteau.<br \/>\nAvec Isabeau de R. et Jean-Christophe Parquier<br \/>\nTexte : Isabeau de R.<br \/>\nMise en sc\u00e8ne : H\u00e9l\u00e8ne Serres<\/h5>\n<p>Tout commence par un match de tennis et une stupide petite balle que Florence voit dehors mais qu\u2019Antoine juge bonne. D\u00e9savouant sa femme, il donne le point \u00e0 l\u2019\u00e9quipe adverse. A\u00efe !!! Cette balle va rebondir d\u2019ann\u00e9e en ann\u00e9e, s\u2019invitant \u00e0 l\u2019improviste dans le quotidien d\u2019Antoine et Florence et ils vont prendre un malin plaisir \u00e0 se la renvoyer. Une com\u00e9die \u00e0 deux personnages et un porte-manteau, pleine de finesse et d\u2019\u00e9clats de rire, sur la vie de couple.<\/p>\n<p><em>On go\u00fbte avec plaisir au tourbillon de leur vie conjugale mouvement\u00e9e. \u00c0 voir.<\/em> <strong>La Provence<\/strong><\/p>\n<p>&nbsp;<\/p>\n<h1><a href=\"http:\/\/www.la-tete-de-mule.fr\/?attachment_id=2142\" rel=\"attachment wp-att-2142\"><img loading=\"lazy\" decoding=\"async\" class=\"alignleft size-full wp-image-2142\" src=\"http:\/\/www.la-tete-de-mule.fr\/wp-content\/uploads\/2016\/11\/macbett.jpg\" alt=\"ise en page 1\" width=\"1672\" height=\"1115\" srcset=\"https:\/\/www.la-tete-de-mule.fr\/wp-content\/uploads\/2016\/11\/macbett.jpg 1672w, https:\/\/www.la-tete-de-mule.fr\/wp-content\/uploads\/2016\/11\/macbett-300x200.jpg 300w, https:\/\/www.la-tete-de-mule.fr\/wp-content\/uploads\/2016\/11\/macbett-768x512.jpg 768w, https:\/\/www.la-tete-de-mule.fr\/wp-content\/uploads\/2016\/11\/macbett-1024x683.jpg 1024w, https:\/\/www.la-tete-de-mule.fr\/wp-content\/uploads\/2016\/11\/macbett-600x400.jpg 600w\" sizes=\"auto, (max-width: 1672px) 100vw, 1672px\" \/><\/a>Macbett<\/h1>\n<h2>7 &amp; 8 avril<\/h2>\n<h5>Avec Caroline Figuiera, Ludovic Chantraine, Jean-Jacques Michelet, Frank Sixdenier<br \/>\nMise en sc\u00e8ne : Frank Sixdenier<br \/>\nR\u00e9gie : \u00c9ric Souverain<\/h5>\n<p>Pi\u00e8ce insolite et jubilatoire, elle bouleverse et transcende les fronti\u00e8res des diff\u00e9rents genres th\u00e9\u00e2traux. Au souffle shakespearien, Ionesco ajoute l\u2019humour et la loufoquerie car jouer avec les mots ou les situations tr\u00e8s d\u00e9cal\u00e9es permet de d\u00e9dramatiser notre sombre condition&#8230;<br \/>\nApr\u00e8s avoir flirt\u00e9 sans cesse avec les quatre points cardinaux depuis sa cr\u00e9ation en avril 2001, nous sommes particuli\u00e8rement heureux de pr\u00e9senter \u00e0 nouveau ce spectacle sur nos terres dijonnaises !<\/p>\n<p>U<em>ne des meilleures pi\u00e8ces de Ionesco.<\/em> <strong>T\u00e9l\u00e9rama<\/strong><\/p>\n<p>&nbsp;<\/p>\n<h1><a href=\"http:\/\/www.la-tete-de-mule.fr\/?attachment_id=2143\" rel=\"attachment wp-att-2143\"><img loading=\"lazy\" decoding=\"async\" class=\"alignleft size-full wp-image-2143\" src=\"http:\/\/www.la-tete-de-mule.fr\/wp-content\/uploads\/2016\/11\/agnespat.jpg\" alt=\"agnespat\" width=\"1162\" height=\"774\" srcset=\"https:\/\/www.la-tete-de-mule.fr\/wp-content\/uploads\/2016\/11\/agnespat.jpg 1162w, https:\/\/www.la-tete-de-mule.fr\/wp-content\/uploads\/2016\/11\/agnespat-300x200.jpg 300w, https:\/\/www.la-tete-de-mule.fr\/wp-content\/uploads\/2016\/11\/agnespat-768x512.jpg 768w, https:\/\/www.la-tete-de-mule.fr\/wp-content\/uploads\/2016\/11\/agnespat-1024x682.jpg 1024w, https:\/\/www.la-tete-de-mule.fr\/wp-content\/uploads\/2016\/11\/agnespat-600x400.jpg 600w\" sizes=\"auto, (max-width: 1162px) 100vw, 1162px\" \/><\/a>Hollywood Swing Gum<\/h1>\n<h2>14 &amp; 15 avril<\/h2>\n<h5>Un spectacle musical co\u00e9crit par Agn\u00e8s Pat\u2019 et Trinidad<br \/>\nAvec : Agn\u00e8s Pat\u2019<br \/>\nMise en sc\u00e8ne : Trinidad<\/h5>\n<p>Louise, jeune femme fantasque, travaille dans la r\u00e9serve de l\u2019\u00e9picerie \u00abbio-tiful\u00bb, et chante \u00e0 ses l\u00e9gumes qui sont devenus ses confidents et ses spectateurs.<br \/>\nElle fait de sa vie une com\u00e9die musicale pour embellir sa r\u00e9alit\u00e9. Un \u00e9v\u00e9nement inattendu va la faire basculer dans l\u2019\u00e2ge d\u2019or d\u2019Hollywood &#8230;<br \/>\nEntre paille et paillettes, conserves et concerts, du Music-Hall plein d\u2019humour et de glamour !<\/p>\n<p><em>Une grosse bulle de bonheur au go\u00fbt subtil.<\/em> <strong>La Marseillaise<\/strong><\/p>\n","protected":false},"excerpt":{"rendered":"<p>Tous les spectacles ont lieu \u00e0 20 h &nbsp; &nbsp; \u00a0Mime de rien 13 &amp; 14 janvier Cr\u00e9\u00e9 et interpr\u00e9t\u00e9 par Patrik Cottet-Moine Mise en sc\u00e8ne et cr\u00e9ation lumi\u00e8re : Patricia Jean Production : En compagnie des Z\u00e8bres Ce farfelu sort des sentiers o\u00f9 il s\u2019est battu pour refaire le monde, le sien, aussi vaste que son\u00a0 imagination. D\u2019un\u00a0 rien,\u00a0 il\u00a0 dessine des univers\u00a0 entiers\u00a0 avec\u00a0 un\u00a0 art consomm\u00e9 du mouvement et de l\u2019acuit\u00e9 du regard. C\u2019est un adroit qui&#8230;<\/p>\n<p class=\"read-more\"><a class=\"btn btn-default\" href=\"https:\/\/www.la-tete-de-mule.fr\/?page_id=2125\">Lire la suite<span class=\"screen-reader-text\"> Lire la suite<\/span><\/a><\/p>\n","protected":false},"author":5,"featured_media":0,"parent":77,"menu_order":2,"comment_status":"closed","ping_status":"closed","template":"","meta":{"footnotes":""},"class_list":["post-2125","page","type-page","status-publish","hentry"],"_links":{"self":[{"href":"https:\/\/www.la-tete-de-mule.fr\/index.php?rest_route=\/wp\/v2\/pages\/2125","targetHints":{"allow":["GET"]}}],"collection":[{"href":"https:\/\/www.la-tete-de-mule.fr\/index.php?rest_route=\/wp\/v2\/pages"}],"about":[{"href":"https:\/\/www.la-tete-de-mule.fr\/index.php?rest_route=\/wp\/v2\/types\/page"}],"author":[{"embeddable":true,"href":"https:\/\/www.la-tete-de-mule.fr\/index.php?rest_route=\/wp\/v2\/users\/5"}],"replies":[{"embeddable":true,"href":"https:\/\/www.la-tete-de-mule.fr\/index.php?rest_route=%2Fwp%2Fv2%2Fcomments&post=2125"}],"version-history":[{"count":14,"href":"https:\/\/www.la-tete-de-mule.fr\/index.php?rest_route=\/wp\/v2\/pages\/2125\/revisions"}],"predecessor-version":[{"id":2286,"href":"https:\/\/www.la-tete-de-mule.fr\/index.php?rest_route=\/wp\/v2\/pages\/2125\/revisions\/2286"}],"up":[{"embeddable":true,"href":"https:\/\/www.la-tete-de-mule.fr\/index.php?rest_route=\/wp\/v2\/pages\/77"}],"wp:attachment":[{"href":"https:\/\/www.la-tete-de-mule.fr\/index.php?rest_route=%2Fwp%2Fv2%2Fmedia&parent=2125"}],"curies":[{"name":"wp","href":"https:\/\/api.w.org\/{rel}","templated":true}]}}