{"id":2277,"date":"2017-11-04T10:30:16","date_gmt":"2017-11-04T09:30:16","guid":{"rendered":"http:\/\/www.la-tete-de-mule.fr\/?page_id=2277"},"modified":"2018-10-30T14:56:30","modified_gmt":"2018-10-30T13:56:30","slug":"programme-2018","status":"publish","type":"page","link":"https:\/\/www.la-tete-de-mule.fr\/?page_id=2277","title":{"rendered":"\u00c9dition 2018"},"content":{"rendered":"<h3><span style=\"color: #ff0000;\">Tous les spectacles ont lieu \u00e0 20 h.<\/span><\/h3>\n<table border=\"0\" width=\"100%\">\n<tbody>\n<tr>\n<td>\n<h1><a href=\"http:\/\/www.la-tete-de-mule.fr\/?attachment_id=2281\" rel=\"attachment wp-att-2281\"><img loading=\"lazy\" decoding=\"async\" class=\"size-full wp-image-2281 aligncenter\" src=\"http:\/\/www.la-tete-de-mule.fr\/wp-content\/uploads\/2017\/11\/brothers.jpg\" alt=\"\" width=\"567\" height=\"379\" srcset=\"https:\/\/www.la-tete-de-mule.fr\/wp-content\/uploads\/2017\/11\/brothers.jpg 567w, https:\/\/www.la-tete-de-mule.fr\/wp-content\/uploads\/2017\/11\/brothers-300x201.jpg 300w, https:\/\/www.la-tete-de-mule.fr\/wp-content\/uploads\/2017\/11\/brothers-404x270.jpg 404w\" sizes=\"auto, (max-width: 567px) 100vw, 567px\" \/><\/a><\/h1>\n<\/td>\n<\/tr>\n<tr>\n<td>\n<h1>12 et 13 janvier &#8211; Les Fr\u00e8res Brothers<\/h1>\n<p>Avec Bertrand Antigny, Mathieu Ben Hassen, Jean Christophe Charnay et Vincent Charnay<br \/>\nSon et Lumi\u00e8re : Xavier Fernique<br \/>\n<a href=\"http:\/\/www.freresbrothers.net\" target=\"_blank\" rel=\"noopener noreferrer\"> www.freresbrothers.net<\/a><\/p>\n<p>Depuis 1998, les Fr\u00e8res Brothers enchantent de leur humour vocal et de leurs interm\u00e8des hilarants toutes les salles de France et de la francophonie. Ici, les chansons\u00a0: textes, musiques, interm\u00e8des\u2026 tout est \u00e9crit par ces quatre trublions. Un moment inoubliable de plaisir, de joie, de rires car oui, les Fr\u00e8res Brothers font du bien au moral et du mal aux zygomatiques !<br \/>\n<em>Enfants naturels de Coluche et de Desproges nourris aux Fr\u00e8res Jacques, les Fr\u00e8res Brothers, quatre fous chantants, ont de qui tenir. Le cocktail se r\u00e9v\u00e8le d\u00e9tonnant !&#8230; ! <\/em><strong>Le Parisien<\/strong><\/td>\n<\/tr>\n<tr>\n<td>\n<h1><a href=\"http:\/\/www.la-tete-de-mule.fr\/?attachment_id=2289\" rel=\"attachment wp-att-2289\"><img loading=\"lazy\" decoding=\"async\" class=\"size-full wp-image-2289 aligncenter\" src=\"http:\/\/www.la-tete-de-mule.fr\/wp-content\/uploads\/2017\/11\/republicaine.jpg\" alt=\"\" width=\"567\" height=\"379\" srcset=\"https:\/\/www.la-tete-de-mule.fr\/wp-content\/uploads\/2017\/11\/republicaine.jpg 567w, https:\/\/www.la-tete-de-mule.fr\/wp-content\/uploads\/2017\/11\/republicaine-300x201.jpg 300w, https:\/\/www.la-tete-de-mule.fr\/wp-content\/uploads\/2017\/11\/republicaine-404x270.jpg 404w\" sizes=\"auto, (max-width: 567px) 100vw, 567px\" \/><\/a><\/h1>\n<\/td>\n<\/tr>\n<tr>\n<td>\n<h1>19 et 20 janvier &#8211; R\u00e9publicaine<\/h1>\n<p>De et par Marianne Sergent<br \/>\n<a href=\"http:\/\/www.mariannesergent.com\" target=\"_blank\" rel=\"noopener noreferrer\"> www.mariannesergent.com<\/a><\/p>\n<p>Au pr\u00e9texte de l\u2019actualit\u00e9, notre militante de la joie de vivre se livre \u00e0 une analyse philosophique et joyeuse de nos m\u0153urs et de notre soci\u00e9t\u00e9. C\u2019est avec un devoir de m\u00e9moire jubilatoire qu\u2019elle nous souffle des solutions civiques d\u2019une \u00e9vidence d\u00e9sarmante. Et puis son final aussi inattendu que magistral vous emportera !<br \/>\n<em>De cette rencontre de l\u2019humour et de l\u2019\u00e9rudition na\u00eet un spectacle revigorant d\u2019intelligence.<\/em> <strong>T\u00e9l\u00e9rama<\/strong><\/td>\n<\/tr>\n<tr>\n<td>\n<h1><a href=\"http:\/\/www.la-tete-de-mule.fr\/?attachment_id=2292\" rel=\"attachment wp-att-2292\"><img loading=\"lazy\" decoding=\"async\" class=\"size-full wp-image-2292 aligncenter\" src=\"http:\/\/www.la-tete-de-mule.fr\/wp-content\/uploads\/2017\/11\/pretentieux.jpg\" alt=\"\" width=\"567\" height=\"684\" srcset=\"https:\/\/www.la-tete-de-mule.fr\/wp-content\/uploads\/2017\/11\/pretentieux.jpg 567w, https:\/\/www.la-tete-de-mule.fr\/wp-content\/uploads\/2017\/11\/pretentieux-249x300.jpg 249w, https:\/\/www.la-tete-de-mule.fr\/wp-content\/uploads\/2017\/11\/pretentieux-224x270.jpg 224w\" sizes=\"auto, (max-width: 567px) 100vw, 567px\" \/><\/a><\/h1>\n<\/td>\n<\/tr>\n<tr>\n<td>\n<h1>26 et 27 janvier &#8211; Les Pr\u00e9tentieux<\/h1>\n<p>Avec Chavari et Durand<br \/>\n<a href=\"http:\/\/www.chavaridurand.com\" target=\"_blank\" rel=\"noopener noreferrer\"> www.chavaridurand.com<\/a><\/p>\n<p>Une seule question, peut-on \u00e9lever le public, autrement qu\u2019avec des rehausseurs ? Une seule r\u00e9ponse, Les Pr\u00e9tentieux \u00e0 la Fontaine du rire\u2026 Chavari et Durand d\u00e9barquent avec une nouvelle s\u00e9rie de sketches dans lesquels on retrouve cet humour inattendu et subtil qui est la marque de fabrique du duo.<br \/>\nToujours cette m\u00eame exigence artistique inoxydable, faire rire de mani\u00e8re originale, subtile et engag\u00e9e. Donner au spectateur l\u2019impression qu\u2019il est plus intelligent en repartant qu\u2019en arrivant ! Vous avez dit Les Pr\u00e9tentieux ?<br \/>\n<em>Xavier Chavari, auteur des textes, et son comp\u00e8re Bruno Durand emm\u00e8nent le public dans un monde d\u00e9lirant o\u00f9 l\u2019on n\u2019oublie pas de relever les paradoxes insolites de notre soci\u00e9t\u00e9.<\/em> <strong>Les Derni\u00e8res Nouvelles d\u2019Alsace<\/strong><\/td>\n<\/tr>\n<tr>\n<td>\u00a0<a href=\"http:\/\/www.la-tete-de-mule.fr\/?attachment_id=2294\" rel=\"attachment wp-att-2294\"><img loading=\"lazy\" decoding=\"async\" class=\"size-full wp-image-2294 aligncenter\" src=\"http:\/\/www.la-tete-de-mule.fr\/wp-content\/uploads\/2017\/11\/richardsi.jpg\" alt=\"\" width=\"567\" height=\"459\" srcset=\"https:\/\/www.la-tete-de-mule.fr\/wp-content\/uploads\/2017\/11\/richardsi.jpg 567w, https:\/\/www.la-tete-de-mule.fr\/wp-content\/uploads\/2017\/11\/richardsi-300x243.jpg 300w, https:\/\/www.la-tete-de-mule.fr\/wp-content\/uploads\/2017\/11\/richardsi-334x270.jpg 334w\" sizes=\"auto, (max-width: 567px) 100vw, 567px\" \/><\/a><\/td>\n<\/tr>\n<tr>\n<td>\n<h1>2 et 3 f\u00e9vrier &#8211; Si Richard si<\/h1>\n<p>De et avec Chlo\u00e9 Lasne et Florence Fauquet<\/p>\n<p>Une folle com\u00e9die tr\u00e8s librement inspir\u00e9e de Richard III de Shakespeare.<br \/>\nGuid\u00e9s par la voix despotique de Richard III, deux meurtriers improvis\u00e9s doivent ex\u00e9cuter des missions afin de l\u2019aider \u00e0 acc\u00e9der au pouvoir. En alternant clown, mime, chant, danse, vid\u00e9o et po\u00e9sie, ces deux anti-h\u00e9ros nous embarquent avec eux dans leurs aventures rocambolesques o\u00f9 tous les moyens sont bons pour tenter d\u2019accomplir leurs missions. Mais seront-ils capables de faire face \u00e0 leur conscience et de relever les d\u00e9fis jusqu\u2019au bout ?<\/p>\n<p><em>Les enfants \u00e9clatent de rire, les parents aussi. Un grand succ\u00e8s.<\/em> <strong>Ouest-France<\/strong><\/td>\n<\/tr>\n<tr>\n<td>\u00a0<a href=\"http:\/\/www.la-tete-de-mule.fr\/?attachment_id=2300\" rel=\"attachment wp-att-2300\"><img loading=\"lazy\" decoding=\"async\" class=\"size-full wp-image-2300 aligncenter\" src=\"http:\/\/www.la-tete-de-mule.fr\/wp-content\/uploads\/2017\/11\/oseille.jpg\" alt=\"\" width=\"567\" height=\"380\" srcset=\"https:\/\/www.la-tete-de-mule.fr\/wp-content\/uploads\/2017\/11\/oseille.jpg 567w, https:\/\/www.la-tete-de-mule.fr\/wp-content\/uploads\/2017\/11\/oseille-300x201.jpg 300w, https:\/\/www.la-tete-de-mule.fr\/wp-content\/uploads\/2017\/11\/oseille-403x270.jpg 403w\" sizes=\"auto, (max-width: 567px) 100vw, 567px\" \/><\/a><\/td>\n<\/tr>\n<tr>\n<td>\n<h1>9 &amp; 10 f\u00e9vrier &#8211; Oseille et Pissenlits<\/h1>\n<p>De Jean-Jacques Michelet \u2013 Mise en Sc\u00e8ne : Frank Sixdenier<br \/>\nAvec : T3 bis et la T\u00eate de Mule<\/p>\n<p>Un soir d\u2019orage au fond de la Bretagne, \u00c9douard et Natacha cherchent la demeure de la baronne Le Braz, dans l\u2019espoir de d\u00e9pouiller l\u2019anc\u00eatre\u2026 Ce casse \u00e0 priori simple et fructueux devait marquer un tournant dans leur carri\u00e8re de petits truands; malheureusement pour eux, les choses qui se compliquent d\u2019embl\u00e9e ne feront qu\u2019empirer. Une aristocrate acari\u00e2tre, une bonne sourde et folle, un \u00e9trange garde-chasse, sans compter l\u2019immensit\u00e9 du ch\u00e2teau et son atmosph\u00e8re sinistre !<\/p>\n<p><em>Jazz et polar : un mariage original tr\u00e8s r\u00e9ussi dans ce spectacle complet o\u00f9 musiciens et com\u00e9diens se montrent excellents. On en redemande, encore et encore !<\/em> <strong>Le T\u00e9l\u00e9gramme de Brest<\/strong><\/td>\n<\/tr>\n<tr>\n<td>\u00a0<a href=\"http:\/\/www.la-tete-de-mule.fr\/?attachment_id=2302\" rel=\"attachment wp-att-2302\"><img loading=\"lazy\" decoding=\"async\" class=\"size-full wp-image-2302 aligncenter\" src=\"http:\/\/www.la-tete-de-mule.fr\/wp-content\/uploads\/2017\/11\/martinpiche.jpg\" alt=\"\" width=\"567\" height=\"319\" srcset=\"https:\/\/www.la-tete-de-mule.fr\/wp-content\/uploads\/2017\/11\/martinpiche.jpg 567w, https:\/\/www.la-tete-de-mule.fr\/wp-content\/uploads\/2017\/11\/martinpiche-300x169.jpg 300w, https:\/\/www.la-tete-de-mule.fr\/wp-content\/uploads\/2017\/11\/martinpiche-480x270.jpg 480w\" sizes=\"auto, (max-width: 567px) 100vw, 567px\" \/><\/a><\/td>\n<\/tr>\n<tr>\n<td>\n<h1>2 et 3 mars &#8211; Le cas Martin Piche<\/h1>\n<p>Une com\u00e9die de Jacques Mougenot<br \/>\nMise en sc\u00e8ne de Herv\u00e9 Devolder assist\u00e9 de Pauline Marbot<br \/>\nAvec Jacques Mougenot et Herv\u00e9 Devolder<br \/>\n<a href=\"http:\/\/www.scene-public.fr\" target=\"_blank\" rel=\"noopener noreferrer\"> www.scene-public.fr<\/a><\/p>\n<p>Martin Piche est atteint d\u2019un mal \u00e9trange : il souffre d\u2019un manque absolu de curiosit\u00e9&#8230; Cela ne va pas manquer d\u2019exciter au plus haut point celle de son psy. Pour tenter de r\u00e9soudre l\u2019\u00e9nigme que pose ce cas inhabituel et d\u00e9sarmant, le sp\u00e9cialiste doit faire appel \u00e0 toute sa sagacit\u00e9 et son imagination au cours d\u2019une s\u00e9ance o\u00f9 les situations comiques s\u2019encha\u00eenent, passant de l\u2019insolite au burlesque, du touchant au cruel, de l\u2019absurde \u00e0 l\u2019inqui\u00e9tant.<\/p>\n<p><em>Une com\u00e9die spirituelle et bien enlev\u00e9e.<\/em> <strong>La Nouvelle R\u00e9publique<\/strong><\/td>\n<\/tr>\n<tr>\n<td>\u00a0<a href=\"http:\/\/www.la-tete-de-mule.fr\/?attachment_id=2303\" rel=\"attachment wp-att-2303\"><img loading=\"lazy\" decoding=\"async\" class=\"size-full wp-image-2303 aligncenter\" src=\"http:\/\/www.la-tete-de-mule.fr\/wp-content\/uploads\/2017\/11\/manger.jpg\" alt=\"\" width=\"567\" height=\"371\" srcset=\"https:\/\/www.la-tete-de-mule.fr\/wp-content\/uploads\/2017\/11\/manger.jpg 567w, https:\/\/www.la-tete-de-mule.fr\/wp-content\/uploads\/2017\/11\/manger-300x196.jpg 300w, https:\/\/www.la-tete-de-mule.fr\/wp-content\/uploads\/2017\/11\/manger-413x270.jpg 413w\" sizes=\"auto, (max-width: 567px) 100vw, 567px\" \/><\/a><\/td>\n<\/tr>\n<tr>\n<td>\n<h1>9 et 10 mars &#8211; Manger<\/h1>\n<p>\u00c9criture et mise en sc\u00e8ne : Ludovic Pitorin<br \/>\nAvec : Delphine Lafon, Xavier Pierre, Benjamin Scampini, Ludovic Pitorin<\/p>\n<p>Une \u00e9pop\u00e9e absurde, po\u00e9tique et musicale au c\u0153ur de notre assiette. Quatre com\u00e9diens-chanteurs choisissent les armes de l\u2019humour pour nous plonger dans l\u2019histoire de l\u2019homme et de son alimentation. Un r\u00e9quisitoire burlesque qui nous questionne sur l\u2019industrie agrochimique, l\u2019agriculture productiviste, la soci\u00e9t\u00e9 de consommation, la malbouffe&#8230; Ce que le spectateur voit est dr\u00f4le, ce qu\u2019il entend est vrai. \u201cManger\u201d, un spectacle engageant, un terreau th\u00e9\u00e2tral id\u00e9alement fertile pour\u00a0 cultiver sa pens\u00e9e&#8230;<\/p>\n<p><em>Un travail admirable au service de l\u2019humain, visible par tous de 6 \u00e0\u00a0&#8230;ans ! A voir absolument !<\/em> <strong>La Voix\u00a0 du Nord<\/strong><\/td>\n<\/tr>\n<tr>\n<td style=\"text-align: center;\">\u00a0<a href=\"http:\/\/www.la-tete-de-mule.fr\/?attachment_id=2305\" rel=\"attachment wp-att-2305\"><img loading=\"lazy\" decoding=\"async\" class=\"size-full wp-image-2305 aligncenter\" src=\"http:\/\/www.la-tete-de-mule.fr\/wp-content\/uploads\/2017\/11\/feydeau18.jpg\" alt=\"\" width=\"567\" height=\"425\" srcset=\"https:\/\/www.la-tete-de-mule.fr\/wp-content\/uploads\/2017\/11\/feydeau18.jpg 567w, https:\/\/www.la-tete-de-mule.fr\/wp-content\/uploads\/2017\/11\/feydeau18-300x225.jpg 300w, https:\/\/www.la-tete-de-mule.fr\/wp-content\/uploads\/2017\/11\/feydeau18-360x270.jpg 360w\" sizes=\"auto, (max-width: 567px) 100vw, 567px\" \/><\/a><\/td>\n<\/tr>\n<tr>\n<td>\n<h1>16 et 17 mars &#8211; Mais n\u2019te prom\u00e8ne donc pas toute nue &amp; Feu la m\u00e8re de Madame<\/h1>\n<p>De Feydeau<br \/>\nMise en sc\u00e8ne : Frank Sixdenier<br \/>\nAvec : Caroline Figuiera, Jean-Jacques Michelet, Agn\u00e8s Sara\u00efva, Frank Sixdenier, Eric Souverain, Yoann Voisin<\/p>\n<p>\u00ab Mais n\u2019te prom\u00e8ne donc pas toute nue \u00bb : Le d\u00e9put\u00e9 Ventroux se plaint que son \u00e9pouse se prom\u00e8ne sans cesse en tenue l\u00e9g\u00e8re dans l\u2019appartement, alors qu\u2019il doit recevoir un important indusriel&#8230;<br \/>\n\u00ab Feu la m\u00e8re de Madame \u00bb : Un homme rentre chez lui en pleine nuit, passablement \u00e9m\u00e9ch\u00e9. Alors que sa femme l\u2019accable de reproches et que la dispute ne cesse d\u2019enfler, un domestique les interrompt pour annoncer le d\u00e9c\u00e8s de la m\u00e8re de Madame\u2026<\/p>\n<p><em>La qualit\u00e9 du jeu au service d\u2019un burlesque \u00e9clatant !<\/em> <strong>Le Progr\u00e8s<\/strong><\/td>\n<\/tr>\n<tr>\n<td>\u00a0<a href=\"http:\/\/www.la-tete-de-mule.fr\/?attachment_id=2307\" rel=\"attachment wp-att-2307\"><img loading=\"lazy\" decoding=\"async\" class=\"size-full wp-image-2307 aligncenter\" src=\"http:\/\/www.la-tete-de-mule.fr\/wp-content\/uploads\/2017\/11\/perruches.jpg\" alt=\"\" width=\"567\" height=\"427\" srcset=\"https:\/\/www.la-tete-de-mule.fr\/wp-content\/uploads\/2017\/11\/perruches.jpg 567w, https:\/\/www.la-tete-de-mule.fr\/wp-content\/uploads\/2017\/11\/perruches-300x226.jpg 300w, https:\/\/www.la-tete-de-mule.fr\/wp-content\/uploads\/2017\/11\/perruches-359x270.jpg 359w\" sizes=\"auto, (max-width: 567px) 100vw, 567px\" \/><\/a><\/td>\n<\/tr>\n<tr>\n<td>\n<h1>23 et 24 mars &#8211; Deux perruches sur un plateau<\/h1>\n<p>Un duo comique au f\u00e9minin avec D\u00e9deine Volk L\u00e9onovitch et B\u00e9atrice Guerrero Seignez<br \/>\nD\u2019apr\u00e8s Levoyer, Dubillard, Gourio, Racine, La Fontaine, Moli\u00e8re&#8230;<\/p>\n<p>Une grosse pression p\u00e8se sur les \u00e9paules de Brigitte (une femme libre et qui s\u2019assume !) et Brigitte (mari\u00e9e \u00e0 Nono, 6 enfants, moins libre, mais qui l\u2019assume aussi !) : sauver de l\u2019expulsion leur troupe de th\u00e9\u00e2tre, exclusivement et d\u00e9sesp\u00e9r\u00e9ment f\u00e9minine !<br \/>\nCes deux intarissables perruches vont devoir faire preuve de cr\u00e9ativit\u00e9 pour trouver une pi\u00e8ce \u00e0 jouer et convaincre ainsi le Maire de leur laisser le th\u00e9\u00e2tre.<br \/>\nPlus d\u2019une heure de bagarres, quiproquos, bouderies et autres coups bas, mais toujours avec humour !<br \/>\nUn joyeux docu-fiction sur une troupe de th\u00e9\u00e2tre en cr\u00e9ation !<\/p>\n<p><em>Ces deux com\u00e9diennes poss\u00e8dent une nature comique incontestable.<\/em> <strong>Var Matin<\/strong><\/td>\n<\/tr>\n<tr>\n<td>\u00a0<a href=\"http:\/\/www.la-tete-de-mule.fr\/?attachment_id=2308\" rel=\"attachment wp-att-2308\"><img loading=\"lazy\" decoding=\"async\" class=\"size-full wp-image-2308 aligncenter\" src=\"http:\/\/www.la-tete-de-mule.fr\/wp-content\/uploads\/2017\/11\/23-F.jpg\" alt=\"\" width=\"567\" height=\"567\" srcset=\"https:\/\/www.la-tete-de-mule.fr\/wp-content\/uploads\/2017\/11\/23-F.jpg 567w, https:\/\/www.la-tete-de-mule.fr\/wp-content\/uploads\/2017\/11\/23-F-150x150.jpg 150w, https:\/\/www.la-tete-de-mule.fr\/wp-content\/uploads\/2017\/11\/23-F-300x300.jpg 300w, https:\/\/www.la-tete-de-mule.fr\/wp-content\/uploads\/2017\/11\/23-F-270x270.jpg 270w\" sizes=\"auto, (max-width: 567px) 100vw, 567px\" \/><\/a><\/td>\n<\/tr>\n<tr>\n<td>\n<h1>30 et 31 mars &#8211; 23F-c\u00f4t\u00e9 hublot<\/h1>\n<p>Texte et Mise en sc\u00e8ne : C\u00e9dric Chapuis<br \/>\nAvec : Mira Simova<br \/>\nProduction et diffusion : Compagnie l\u2019Audacieuse<\/p>\n<p>23-F c\u00f4t\u00e9 hublot, c\u2019est la place d\u2019avion qu\u2019occupe Tsv\u00e9t\u00e9lina Yordanova le jour o\u00f9 elle quitte son pays par amour. Elle est belle, jeune et Bulgare. Son coup de foudre est beau, jeune mais Fran\u00e7ais. Et si l\u2019amour ne conna\u00eet pas les fronti\u00e8res, les services de pr\u00e9fecture, si. Perdue dans les m\u00e9andres de la for\u00eat administrative fran\u00e7aise, Tsv\u00e9t\u00e9lina met en lumi\u00e8re notre propre \u00e9tranget\u00e9, \u00e0 travers son regard d\u2019\u00e9trang\u00e8re&#8230;<\/p>\n<p><em>Un petit d\u00e9lice de sc\u00e8ne&#8230;<\/em> <strong>Direct Matin<\/strong><\/td>\n<\/tr>\n<tr>\n<td>\u00a0<a href=\"http:\/\/www.la-tete-de-mule.fr\/?attachment_id=2309\" rel=\"attachment wp-att-2309\"><img loading=\"lazy\" decoding=\"async\" class=\"size-full wp-image-2309 aligncenter\" src=\"http:\/\/www.la-tete-de-mule.fr\/wp-content\/uploads\/2017\/11\/banquettes.jpg\" alt=\"\" width=\"567\" height=\"409\" srcset=\"https:\/\/www.la-tete-de-mule.fr\/wp-content\/uploads\/2017\/11\/banquettes.jpg 567w, https:\/\/www.la-tete-de-mule.fr\/wp-content\/uploads\/2017\/11\/banquettes-300x216.jpg 300w, https:\/\/www.la-tete-de-mule.fr\/wp-content\/uploads\/2017\/11\/banquettes-374x270.jpg 374w\" sizes=\"auto, (max-width: 567px) 100vw, 567px\" \/><\/a><\/td>\n<\/tr>\n<tr>\n<td>\n<h1>6 et 7 avril &#8211; Les banquettes arri\u00e8res<\/h1>\n<p>Avec Marie Rechner, C\u00e9cile Le Guern et Fatima Ammari-B<br \/>\n<a href=\"http:\/\/lesbanquettesarrieres.weebly.com\" target=\"_blank\" rel=\"noopener noreferrer\"> lesbanquettesarrieres.weebly.com<\/a><\/p>\n<p>Elles\u00a0\u00a0 sont\u00a0\u00a0 trois filles,\u00a0\u00a0 trois\u00a0\u00a0 com\u00e9diennes,\u00a0\u00a0 trois\u00a0\u00a0 clowns,\u00a0\u00a0 trois\u00a0\u00a0 improvisatrices\u00a0\u00a0 hors\u00a0\u00a0 pair,\u00a0\u00a0 devenues\u00a0\u00a0 chanteuses\u00a0\u00a0 par\u00a0\u00a0 accident.\u00a0\u00a0 Leurs\u00a0\u00a0 chansons,\u00a0\u00a0 enti\u00e8rement\u00a0 a\u00a0 cappella\u00a0 et\u00a0 sans\u00a0 aucun trucage,\u00a0 sont\u00a0 \u00e9crites\u00a0 comme\u00a0 autant\u00a0 de\u00a0 portraits qui\u00a0 grincent,\u00a0 qui\u00a0 d\u00e9capent,\u00a0 qui\u00a0 d\u00e9rapent parfois&#8230;mais\u00a0 toujours\u00a0 avec\u00a0 le\u00a0 sourire\u00a0 !! On y croise des personnages inattendus comme un militant de Greenpeace, une pin-up de calendrier &#8230; sans oublier les fameux messages \u00e0 caract\u00e8re hautement informatif. Elles sont dr\u00f4les, voire tr\u00e8s dr\u00f4les&#8230;<\/p>\n<p><em>Leur spectacle, c\u2019est une bouff\u00e9e d\u2019oxyg\u00e8ne, de bonne humeur, de rire, en toute simplicit\u00e9.<\/em> <strong>Le Monde<\/strong><\/td>\n<\/tr>\n<tr>\n<td>\u00a0<a href=\"http:\/\/www.la-tete-de-mule.fr\/?attachment_id=2310\" rel=\"attachment wp-att-2310\"><img loading=\"lazy\" decoding=\"async\" class=\"size-full wp-image-2310 aligncenter\" src=\"http:\/\/www.la-tete-de-mule.fr\/wp-content\/uploads\/2017\/11\/elasticfrancesca.jpg\" alt=\"\" width=\"567\" height=\"395\" srcset=\"https:\/\/www.la-tete-de-mule.fr\/wp-content\/uploads\/2017\/11\/elasticfrancesca.jpg 567w, https:\/\/www.la-tete-de-mule.fr\/wp-content\/uploads\/2017\/11\/elasticfrancesca-300x209.jpg 300w, https:\/\/www.la-tete-de-mule.fr\/wp-content\/uploads\/2017\/11\/elasticfrancesca-388x270.jpg 388w\" sizes=\"auto, (max-width: 567px) 100vw, 567px\" \/><\/a><\/td>\n<\/tr>\n<tr>\n<td>\n<h1>27 et 28 avril &#8211; Elastic et Francesca<\/h1>\n<p>Avec St\u00e9phane Delvaux et Fran\u00e7oise Rochais<br \/>\n<a href=\"http:\/\/www.francoiserochais.com\" target=\"_blank\" rel=\"noopener noreferrer\"> www.francoiserochais.com<\/a><br \/>\n<a href=\"http:\/\/www.elasticshow.be\" target=\"_blank\" rel=\"noopener noreferrer\"> www.elasticshow.be<\/a><\/p>\n<p>Elastic est un personnage burlesque attachant, \u00e0 l\u2019accent italien, qui avec trois fois rien, son langage universel et un sens pr\u00e9cis du gag, prom\u00e8ne son public \u00e0 travers l\u2019univers du cirque et du music-hall. Francesca est une jongleuse extraordinaire, une femme qui a fait sa place dans une discipline principalement masculine. Quand ces deux artistes se rencontrent, ce sont deux univers qui se marient pour former un duo original et p\u00e9tillant riche de leur amour et de leur complicit\u00e9.<\/p>\n<p><em>Francesca et Elastic d\u00e9s\u00e9quilibrent momentan\u00e9ment les objets de la vie.<\/em> <strong>Les Derni\u00e8res Nouvelles d\u2019Alsace<\/strong><\/td>\n<\/tr>\n<\/tbody>\n<\/table>\n<p>&nbsp;<\/p>\n","protected":false},"excerpt":{"rendered":"<p>Tous les spectacles ont lieu \u00e0 20 h. 12 et 13 janvier &#8211; Les Fr\u00e8res Brothers Avec Bertrand Antigny, Mathieu Ben Hassen, Jean Christophe Charnay et Vincent Charnay Son et Lumi\u00e8re : Xavier Fernique www.freresbrothers.net Depuis 1998, les Fr\u00e8res Brothers enchantent de leur humour vocal et de leurs interm\u00e8des hilarants toutes les salles de France et de la francophonie. Ici, les chansons\u00a0: textes, musiques, interm\u00e8des\u2026 tout est \u00e9crit par ces quatre trublions. Un moment inoubliable de plaisir, de joie, de&#8230;<\/p>\n<p class=\"read-more\"><a class=\"btn btn-default\" href=\"https:\/\/www.la-tete-de-mule.fr\/?page_id=2277\">Lire la suite<span class=\"screen-reader-text\"> Lire la suite<\/span><\/a><\/p>\n","protected":false},"author":5,"featured_media":0,"parent":77,"menu_order":0,"comment_status":"closed","ping_status":"closed","template":"","meta":{"footnotes":""},"class_list":["post-2277","page","type-page","status-publish","hentry"],"_links":{"self":[{"href":"https:\/\/www.la-tete-de-mule.fr\/index.php?rest_route=\/wp\/v2\/pages\/2277","targetHints":{"allow":["GET"]}}],"collection":[{"href":"https:\/\/www.la-tete-de-mule.fr\/index.php?rest_route=\/wp\/v2\/pages"}],"about":[{"href":"https:\/\/www.la-tete-de-mule.fr\/index.php?rest_route=\/wp\/v2\/types\/page"}],"author":[{"embeddable":true,"href":"https:\/\/www.la-tete-de-mule.fr\/index.php?rest_route=\/wp\/v2\/users\/5"}],"replies":[{"embeddable":true,"href":"https:\/\/www.la-tete-de-mule.fr\/index.php?rest_route=%2Fwp%2Fv2%2Fcomments&post=2277"}],"version-history":[{"count":20,"href":"https:\/\/www.la-tete-de-mule.fr\/index.php?rest_route=\/wp\/v2\/pages\/2277\/revisions"}],"predecessor-version":[{"id":2444,"href":"https:\/\/www.la-tete-de-mule.fr\/index.php?rest_route=\/wp\/v2\/pages\/2277\/revisions\/2444"}],"up":[{"embeddable":true,"href":"https:\/\/www.la-tete-de-mule.fr\/index.php?rest_route=\/wp\/v2\/pages\/77"}],"wp:attachment":[{"href":"https:\/\/www.la-tete-de-mule.fr\/index.php?rest_route=%2Fwp%2Fv2%2Fmedia&parent=2277"}],"curies":[{"name":"wp","href":"https:\/\/api.w.org\/{rel}","templated":true}]}}