{"id":3893,"date":"2026-09-01T16:33:26","date_gmt":"2026-09-01T14:33:26","guid":{"rendered":"https:\/\/www.la-tete-de-mule.fr\/?page_id=3893"},"modified":"2026-09-01T17:27:56","modified_gmt":"2026-09-01T15:27:56","slug":"a-la-recherche-du-pere-noel","status":"publish","type":"page","link":"https:\/\/www.la-tete-de-mule.fr\/?page_id=3893","title":{"rendered":"A la rencontre du p\u00e8re no\u00ebl"},"content":{"rendered":"\n<figure class=\"wp-block-image size-large\"><a href=\"https:\/\/www.la-tete-de-mule.fr\/wp-content\/uploads\/2026\/09\/BONH-scaled.jpg\"><img loading=\"lazy\" decoding=\"async\" width=\"1024\" height=\"732\" src=\"https:\/\/www.la-tete-de-mule.fr\/wp-content\/uploads\/2026\/09\/BONH-1024x732.jpg\" alt=\"\" class=\"wp-image-3894\" srcset=\"https:\/\/www.la-tete-de-mule.fr\/wp-content\/uploads\/2026\/09\/BONH-1024x732.jpg 1024w, https:\/\/www.la-tete-de-mule.fr\/wp-content\/uploads\/2026\/09\/BONH-300x214.jpg 300w, https:\/\/www.la-tete-de-mule.fr\/wp-content\/uploads\/2026\/09\/BONH-768x549.jpg 768w, https:\/\/www.la-tete-de-mule.fr\/wp-content\/uploads\/2026\/09\/BONH-1536x1098.jpg 1536w, https:\/\/www.la-tete-de-mule.fr\/wp-content\/uploads\/2026\/09\/BONH-2048x1464.jpg 2048w, https:\/\/www.la-tete-de-mule.fr\/wp-content\/uploads\/2026\/09\/BONH-378x270.jpg 378w, https:\/\/www.la-tete-de-mule.fr\/wp-content\/uploads\/2026\/09\/BONH-600x429.jpg 600w\" sizes=\"auto, (max-width: 1024px) 100vw, 1024px\" \/><\/a><\/figure>\n\n\n\n<p>Fabriqu\u00e9 avec amour par un petit gar\u00e7on et son papa, un bonhomme de neige joyeux mais na\u00eff pr\u00e9nomm\u00e9 Bouboule refuse de se laisser mourir \u00e0 cause du r\u00e9chauffement climatique\u2026.<\/p>\n\n\n\n<p>Gr\u00e2ce \u00e0 l&rsquo;aide de nombreux amis rencontr\u00e9s le long du chemin, il d\u00e9cidera de gagner le nord du Grand Nord, aussi pour retrouver la trace de celui dont tous les enfants r\u00eavent !<\/p>\n\n\n\n<p class=\"has-vivid-green-cyan-color has-text-color has-link-color wp-elements-9c4baceaa7ac55509aaa5857335bbf75\">Spectacle assur\u00e9 par 3 com\u00e9diens, Jean-Michel, Yoann et Alexandra accompagn\u00e9 par leur fid\u00e8le r\u00e9gisseur Z\u00e9phyrin. Il dure environ 50 mn et convient aux enfants de 3 \u00e0 102 ans.<\/p>\n\n\n\n<div class=\"wp-block-group is-layout-grid wp-container-core-group-is-layout-9649a0d9 wp-block-group-is-layout-grid\">\n<figure class=\"wp-block-image size-large wp-container-content-69bc4bdf\"><a href=\"http:\/\/www.la-tete-de-mule.fr\/wp-content\/uploads\/2026\/09\/pere-f--scaled.jpg\"><img loading=\"lazy\" decoding=\"async\" width=\"1024\" height=\"683\" src=\"http:\/\/www.la-tete-de-mule.fr\/wp-content\/uploads\/2026\/09\/pere-f--1024x683.jpg\" alt=\"\" class=\"wp-image-3896\" style=\"aspect-ratio:1.4273197929111907\" srcset=\"https:\/\/www.la-tete-de-mule.fr\/wp-content\/uploads\/2026\/09\/pere-f--1024x683.jpg 1024w, https:\/\/www.la-tete-de-mule.fr\/wp-content\/uploads\/2026\/09\/pere-f--300x200.jpg 300w, https:\/\/www.la-tete-de-mule.fr\/wp-content\/uploads\/2026\/09\/pere-f--768x512.jpg 768w, https:\/\/www.la-tete-de-mule.fr\/wp-content\/uploads\/2026\/09\/pere-f--1536x1024.jpg 1536w\" sizes=\"auto, (max-width: 1024px) 100vw, 1024px\" \/><\/a><\/figure>\n\n\n\n<figure class=\"wp-block-image size-large\"><a href=\"http:\/\/www.la-tete-de-mule.fr\/wp-content\/uploads\/2026\/09\/RAT-scaled.jpg\"><img loading=\"lazy\" decoding=\"async\" width=\"1024\" height=\"683\" src=\"http:\/\/www.la-tete-de-mule.fr\/wp-content\/uploads\/2026\/09\/RAT-1024x683.jpg\" alt=\"\" class=\"wp-image-3897\" srcset=\"https:\/\/www.la-tete-de-mule.fr\/wp-content\/uploads\/2026\/09\/RAT-1024x683.jpg 1024w, https:\/\/www.la-tete-de-mule.fr\/wp-content\/uploads\/2026\/09\/RAT-300x200.jpg 300w, https:\/\/www.la-tete-de-mule.fr\/wp-content\/uploads\/2026\/09\/RAT-768x512.jpg 768w, https:\/\/www.la-tete-de-mule.fr\/wp-content\/uploads\/2026\/09\/RAT-1536x1024.jpg 1536w\" sizes=\"auto, (max-width: 1024px) 100vw, 1024px\" \/><\/a><\/figure>\n\n\n\n<figure class=\"wp-block-image size-large\"><a href=\"http:\/\/www.la-tete-de-mule.fr\/wp-content\/uploads\/2026\/09\/OIE2-scaled.jpg\"><img loading=\"lazy\" decoding=\"async\" width=\"1024\" height=\"717\" src=\"http:\/\/www.la-tete-de-mule.fr\/wp-content\/uploads\/2026\/09\/OIE2-1024x717.jpg\" alt=\"\" class=\"wp-image-3895\" srcset=\"https:\/\/www.la-tete-de-mule.fr\/wp-content\/uploads\/2026\/09\/OIE2-1024x717.jpg 1024w, https:\/\/www.la-tete-de-mule.fr\/wp-content\/uploads\/2026\/09\/OIE2-300x210.jpg 300w, https:\/\/www.la-tete-de-mule.fr\/wp-content\/uploads\/2026\/09\/OIE2-768x538.jpg 768w, https:\/\/www.la-tete-de-mule.fr\/wp-content\/uploads\/2026\/09\/OIE2-1536x1076.jpg 1536w\" sizes=\"auto, (max-width: 1024px) 100vw, 1024px\" \/><\/a><\/figure>\n\n\n\n<figure class=\"wp-block-image size-large\"><a href=\"https:\/\/www.la-tete-de-mule.fr\/wp-content\/uploads\/2026\/09\/LUTIN-scaled.jpg\"><img loading=\"lazy\" decoding=\"async\" width=\"1024\" height=\"838\" src=\"https:\/\/www.la-tete-de-mule.fr\/wp-content\/uploads\/2026\/09\/LUTIN-1024x838.jpg\" alt=\"\" class=\"wp-image-3898\" srcset=\"https:\/\/www.la-tete-de-mule.fr\/wp-content\/uploads\/2026\/09\/LUTIN-1024x838.jpg 1024w, https:\/\/www.la-tete-de-mule.fr\/wp-content\/uploads\/2026\/09\/LUTIN-300x246.jpg 300w, https:\/\/www.la-tete-de-mule.fr\/wp-content\/uploads\/2026\/09\/LUTIN-768x629.jpg 768w, https:\/\/www.la-tete-de-mule.fr\/wp-content\/uploads\/2026\/09\/LUTIN-1536x1257.jpg 1536w, https:\/\/www.la-tete-de-mule.fr\/wp-content\/uploads\/2026\/09\/LUTIN-2048x1677.jpg 2048w, https:\/\/www.la-tete-de-mule.fr\/wp-content\/uploads\/2026\/09\/LUTIN-330x270.jpg 330w, https:\/\/www.la-tete-de-mule.fr\/wp-content\/uploads\/2026\/09\/LUTIN-600x491.jpg 600w\" sizes=\"auto, (max-width: 1024px) 100vw, 1024px\" \/><\/a><\/figure>\n<\/div>\n\n\n\n<figure class=\"wp-block-image size-large\"><a href=\"http:\/\/www.la-tete-de-mule.fr\/wp-content\/uploads\/2025\/11\/IMG_35852-1-scaled.jpg\"><img loading=\"lazy\" decoding=\"async\" width=\"1024\" height=\"812\" src=\"http:\/\/www.la-tete-de-mule.fr\/wp-content\/uploads\/2025\/11\/IMG_35852-1-1024x812.jpg\" alt=\"\" class=\"wp-image-3826\" srcset=\"https:\/\/www.la-tete-de-mule.fr\/wp-content\/uploads\/2025\/11\/IMG_35852-1-1024x812.jpg 1024w, https:\/\/www.la-tete-de-mule.fr\/wp-content\/uploads\/2025\/11\/IMG_35852-1-300x238.jpg 300w, https:\/\/www.la-tete-de-mule.fr\/wp-content\/uploads\/2025\/11\/IMG_35852-1-768x609.jpg 768w, https:\/\/www.la-tete-de-mule.fr\/wp-content\/uploads\/2025\/11\/IMG_35852-1-1536x1219.jpg 1536w, https:\/\/www.la-tete-de-mule.fr\/wp-content\/uploads\/2025\/11\/IMG_35852-1-2048x1625.jpg 2048w, https:\/\/www.la-tete-de-mule.fr\/wp-content\/uploads\/2025\/11\/IMG_35852-1-340x270.jpg 340w, https:\/\/www.la-tete-de-mule.fr\/wp-content\/uploads\/2025\/11\/IMG_35852-1-600x476.jpg 600w\" sizes=\"auto, (max-width: 1024px) 100vw, 1024px\" \/><\/a><\/figure>\n","protected":false},"excerpt":{"rendered":"<p>Fabriqu\u00e9 avec amour par un petit gar\u00e7on et son papa, un bonhomme de neige joyeux mais na\u00eff pr\u00e9nomm\u00e9 Bouboule refuse de se laisser mourir \u00e0 cause du r\u00e9chauffement climatique\u2026. Gr\u00e2ce \u00e0 l&rsquo;aide de nombreux amis rencontr\u00e9s le long du chemin, il d\u00e9cidera de gagner le nord du Grand Nord, aussi pour retrouver la trace de celui dont tous les enfants r\u00eavent ! Spectacle assur\u00e9 par 3 com\u00e9diens, Jean-Michel, Yoann et Alexandra accompagn\u00e9 par leur fid\u00e8le r\u00e9gisseur Z\u00e9phyrin. Il dure environ&#8230;<\/p>\n<p class=\"read-more\"><a class=\"btn btn-default\" href=\"https:\/\/www.la-tete-de-mule.fr\/?page_id=3893\">Lire la suite<span class=\"screen-reader-text\"> Lire la suite<\/span><\/a><\/p>\n","protected":false},"author":5,"featured_media":0,"parent":0,"menu_order":0,"comment_status":"closed","ping_status":"closed","template":"","meta":{"footnotes":""},"class_list":["post-3893","page","type-page","status-publish","hentry"],"_links":{"self":[{"href":"https:\/\/www.la-tete-de-mule.fr\/index.php?rest_route=\/wp\/v2\/pages\/3893","targetHints":{"allow":["GET"]}}],"collection":[{"href":"https:\/\/www.la-tete-de-mule.fr\/index.php?rest_route=\/wp\/v2\/pages"}],"about":[{"href":"https:\/\/www.la-tete-de-mule.fr\/index.php?rest_route=\/wp\/v2\/types\/page"}],"author":[{"embeddable":true,"href":"https:\/\/www.la-tete-de-mule.fr\/index.php?rest_route=\/wp\/v2\/users\/5"}],"replies":[{"embeddable":true,"href":"https:\/\/www.la-tete-de-mule.fr\/index.php?rest_route=%2Fwp%2Fv2%2Fcomments&post=3893"}],"version-history":[{"count":2,"href":"https:\/\/www.la-tete-de-mule.fr\/index.php?rest_route=\/wp\/v2\/pages\/3893\/revisions"}],"predecessor-version":[{"id":3911,"href":"https:\/\/www.la-tete-de-mule.fr\/index.php?rest_route=\/wp\/v2\/pages\/3893\/revisions\/3911"}],"wp:attachment":[{"href":"https:\/\/www.la-tete-de-mule.fr\/index.php?rest_route=%2Fwp%2Fv2%2Fmedia&parent=3893"}],"curies":[{"name":"wp","href":"https:\/\/api.w.org\/{rel}","templated":true}]}}