{"id":78,"date":"2012-09-04T07:14:00","date_gmt":"2012-09-04T06:14:00","guid":{"rendered":"http:\/\/localhost:8888\/tetedemule\/?page_id=78"},"modified":"2012-11-01T15:35:48","modified_gmt":"2012-11-01T14:35:48","slug":"edition-2005","status":"publish","type":"page","link":"https:\/\/www.la-tete-de-mule.fr\/?page_id=78","title":{"rendered":"\u00c9dition 2005"},"content":{"rendered":"<p style=\"text-align: justify;\"><strong><a href=\"http:\/\/www.la-tete-de-mule.fr\/wp-content\/uploads\/2012\/09\/louvolt.jpg\"><img loading=\"lazy\" decoding=\"async\" class=\"alignleft size-full wp-image-138\" title=\"louvolt\" src=\"http:\/\/www.la-tete-de-mule.fr\/wp-content\/uploads\/2012\/09\/louvolt.jpg\" alt=\"\" width=\"146\" height=\"222\" \/><\/a>Lou Volt en concert<\/strong><br \/>\n<em>Compagnie Dr\u00f4les de Dames<\/em><br \/>\nComme le champagne, elle p\u00e9tille.<br \/>\nComme la Tour Eiffel, le soir venu, elle s\u2019enflamme.<br \/>\nBelle et \u00e9l\u00e9gante comme Paris, gaie comme le carnaval de Dunkerque d\u2019o\u00f9 elle vient.<br \/>\nPetite perle du \u201cGrand Orchestre du Splendid\u201d, il faut de toute urgence d\u00e9couvrir sur sc\u00e8ne l\u2019explosive et excentrique Lou Volt. Elle est joyeuse, entra\u00eenante, dr\u00f4le bien s\u00fbr, mais aussi sensuelle et audacieuse, et m\u00eame parfois tendre et \u00e9mouvante\u2026<br \/>\nBref, un spectacle musical survolt\u00e9, entrecoup\u00e9 de sketches hilarants. On songe \u00e0 Boris Vian, mais en plus sexy\u2026<br \/>\nJubilatoire !<br \/>\n<em> 21 et 22 janvier 2005<\/em><\/p>\n<p style=\"text-align: justify;\"><strong><a href=\"http:\/\/www.la-tete-de-mule.fr\/wp-content\/uploads\/2012\/09\/bagdoudi.jpg\"><img loading=\"lazy\" decoding=\"async\" class=\"alignleft size-full wp-image-139\" title=\"bagdoudi\" src=\"http:\/\/www.la-tete-de-mule.fr\/wp-content\/uploads\/2012\/09\/bagdoudi.jpg\" alt=\"\" width=\"146\" height=\"214\" \/><\/a>L&rsquo;exclusion selon Baboudi<\/strong><br \/>\n<em> Compagnie Le Fils du Muet<\/em><br \/>\nBaboudi Bou Rh\u00e9goune quitte son bidonville pour venir s\u2019installer au dernier \u00e9tage d\u2019une tour H.L.M. Quelle chance !<br \/>\nMais lui qui voyait dans les tags de l\u2019ascenseur une inspiration pharaonique d\u00e9couvre bient\u00f4t des espaces verts jonch\u00e9s de d\u00e9bris de cannette, o\u00f9 seul un fakir pourrait s\u2019allonger !<br \/>\nDerri\u00e8re le rire, omnipr\u00e9sent, ce pseudo-candide combat de tout son c\u0153ur l\u2019enfermement dans la certitude hautaine autant que dans la haine de l\u2019autre :<br \/>\n\u201cNous sommes tous des voyageurs myst\u00e9rieux, nous cheminons sur un mince sentier de terre\u2026 la poussi\u00e8re soulev\u00e9e par nos pas ne sera pas encore retomb\u00e9e sur le sol que d\u00e9j\u00e0 nous ne serons plus. Quel est le sens ?\u201d.<br \/>\nUn moment de gr\u00e2ce, o\u00f9 la fraternit\u00e9 donne la main \u00e0 l\u2019humour\u2026<br \/>\n<em> 28 et 29 janvier 2005<\/em><\/p>\n<p style=\"text-align: justify;\"><strong><a href=\"http:\/\/www.la-tete-de-mule.fr\/wp-content\/uploads\/2012\/09\/reines.jpg\"><img loading=\"lazy\" decoding=\"async\" class=\"alignleft size-full wp-image-140\" title=\"reines\" src=\"http:\/\/www.la-tete-de-mule.fr\/wp-content\/uploads\/2012\/09\/reines.jpg\" alt=\"\" width=\"146\" height=\"221\" \/><\/a>La nuit des reines ou comment Henri III a vir\u00e9 sa cuti<\/strong><br \/>\n<em> Compagnie Les Amis de Monsieur<\/em><br \/>\nCatherine de M\u00e9dicis r\u00eave que son fils pr\u00e9f\u00e9r\u00e9, le futur Henri III, \u00e9pouse Elisabeth I, Reine d\u2019Angleterre, toujours c\u00e9libataire bien que fort avanc\u00e9e en \u00e2ge\u2026<br \/>\nInutile de dire que ce mariage, avec celle qu\u2019on appelle la Reine vierge, n\u2019est pas du tout du go\u00fbt du pauvre Henri, qui, hormis une liaison incestueuse avec sa s\u0153ur, la Reine Margot, n\u2019a gu\u00e8re d\u2019exp\u00e9rience avec les femmes\u2026<br \/>\nApr\u00e8s \u201cIl \u00e9tait une fois Tatahouine\u201d et \u201cN\u00e9ron la Romaine\u201d, voici la nouvelle com\u00e9die grandiose de Michel Heim, o\u00f9 l\u2019autod\u00e9rision le dispute sans cesse \u00e0 la beaut\u00e9 de la langue.<br \/>\nFollement amusant et d\u00e9cal\u00e9 !<br \/>\n<em> 4 et 5 f\u00e9vrier 2005<\/em><\/p>\n<p style=\"text-align: justify;\"><strong><a href=\"http:\/\/www.la-tete-de-mule.fr\/wp-content\/uploads\/2012\/09\/hugo.jpg\"><img loading=\"lazy\" decoding=\"async\" class=\"alignleft size-full wp-image-141\" title=\"hugo\" src=\"http:\/\/www.la-tete-de-mule.fr\/wp-content\/uploads\/2012\/09\/hugo.jpg\" alt=\"\" width=\"146\" height=\"212\" \/><\/a>Je ne m&rsquo;appelle pas Hugo<\/strong><br \/>\n<em> Compagnie Manuel Pratt<\/em><br \/>\nQue dire de Manuel Pratt ?<br \/>\nQu\u2019il est cynique, impertinent, m\u00e9chant ?<br \/>\n\u201cC\u2019est un peu court, jeune homme !\u201d, mais il ne faut certes pas avoir les oreilles sensibles pour appr\u00e9cier la charge incessante qu\u2019il livre des travers de notre soci\u00e9t\u00e9. Et s\u2019il n\u2019y va pas avec le dos de la cuill\u00e8re, c\u2019est justement parce qu\u2019il aime p\u00e9trir \u00e0 mains nues nos cerveaux endormis dans le conformisme ronronnant\u2026<br \/>\nTailler dans le vif, sans anesth\u00e9sie de pr\u00e9f\u00e9rence ! A c\u00f4t\u00e9 de lui, les amuseurs qui tiennent en ce moment la rampe font figure de boy-scouts\u2026<br \/>\nEt de temps en temps, c\u2019est bon d\u2019entendre, gueuler plut\u00f4t que miauler ! Au fait, il est avant tout tr\u00e8s, tr\u00e8s dr\u00f4le !<br \/>\n<em> 25 et 26 f\u00e9vrier 2005<\/em><\/p>\n<p style=\"text-align: justify;\"><strong><a href=\"http:\/\/www.la-tete-de-mule.fr\/wp-content\/uploads\/2012\/09\/clones.jpg\"><img loading=\"lazy\" decoding=\"async\" class=\"alignleft size-full wp-image-142\" title=\"clones\" src=\"http:\/\/www.la-tete-de-mule.fr\/wp-content\/uploads\/2012\/09\/clones.jpg\" alt=\"\" width=\"146\" height=\"100\" \/><\/a>Les clones<\/strong><br \/>\n<em> Compagnie Choc Trio<\/em><br \/>\nQuatre clones sortent de leur bo\u00eete \u00e0 musique\u2026 Mais qui est l\u2019original ? Faute de le savoir, qui prendra le pouvoir ?<br \/>\nDe la naissance \u00e0 l\u2019harmonie finale, ces jouets fantasques et fantastiques laissent libre court \u00e0 leurs d\u00e9lires clownesques dans une ivresse de musique et des rapports de force drolatiques. Qui du clone ou du clown l\u2019emportera ?<br \/>\nUn rythme infernal, tr\u00e8s peu de texte, beaucoup de musique, de mouvement et de visuel\u2026 La mise en sc\u00e8ne hallucinante mettra vos zygomatiques dans un dr\u00f4le d\u2019\u00e9tat !<br \/>\nBurlesco grosso !!<br \/>\n<em> 4 et 5 mars 2005<\/em><\/p>\n<p style=\"text-align: justify;\"><strong><a href=\"http:\/\/www.la-tete-de-mule.fr\/wp-content\/uploads\/2012\/09\/grandsducs1.jpg\"><img loading=\"lazy\" decoding=\"async\" class=\"alignleft size-full wp-image-143\" title=\"grandsducs1\" src=\"http:\/\/www.la-tete-de-mule.fr\/wp-content\/uploads\/2012\/09\/grandsducs1.jpg\" alt=\"\" width=\"146\" height=\"109\" \/><\/a>La tourn\u00e9e des grands ducs<\/strong><br \/>\n<em> Compagnie La T\u00eate de Mule<\/em><br \/>\nLa Bourgogne revisit\u00e9e de fa\u00e7on humoristique ! Tout commence par une conf\u00e9rence-diaporama o\u00f9 Pierre Larousse tente pompeusement de faire revivre les \u00e9l\u00e9ments fondateurs de la r\u00e9gion, de la pr\u00e9histoire \u00e0 nos jours\u2026 C\u2019est sans compter sur la mauvaise volont\u00e9 de sa troupe, moyennement convaincue par l\u2019int\u00e9r\u00eat de ce spectacle en particulier et du travail en g\u00e9n\u00e9ral. \u201cLa Tourn\u00e9e des Grands Ducs\u201d, o\u00f9 l\u2019histoire du premier one man show pour six, coinc\u00e9 entre Pirandello et les Monty Python ! Le dialogue savoureux est servi par une p\u00e9tulante interpr\u00e9tation\u2026 On en rit encore !<br \/>\n<em> 11 et 12 mars 2005<\/em><\/p>\n<p style=\"text-align: justify;\"><strong><a href=\"http:\/\/www.la-tete-de-mule.fr\/wp-content\/uploads\/2012\/09\/armand.jpg\"><img loading=\"lazy\" decoding=\"async\" class=\"alignleft size-full wp-image-144\" title=\"armand\" src=\"http:\/\/www.la-tete-de-mule.fr\/wp-content\/uploads\/2012\/09\/armand.jpg\" alt=\"\" width=\"146\" height=\"212\" \/><\/a>Monsieur Armand dit Garrincha<\/strong><br \/>\n<em> Compagnie Tanit Th\u00e9\u00e2tre<\/em><br \/>\nEchapp\u00e9 du casque \u00e0 histoires de Serge Valetti, ce nouveau personnage, obscur footballeur professionnel, qui un jour s\u2019est pris pour le grand Garrincha, a rat\u00e9 sa rencontre avec lui (volontairement dit-il).<br \/>\nDevenu patron de bar, il nous raconte sa vie, m\u00e9langeant les anecdotes percutantes, interpr\u00e9tant tour \u00e0 tour son r\u00f4le et celui du c\u00e9l\u00e9brissime buteur br\u00e9silien,les confondant \u00e0 raison ou \u00e0 d\u00e9raison.<br \/>\nDans un monologue aussi dr\u00f4le qu\u2019\u00e9mouvant, Valetti superpose la tr\u00e8s modeste carri\u00e8re sportive d\u2019un oncle fantasque et la figure mythique du plus grand ailier de tous les temps !<br \/>\nOn peut qualifier sa vie de ratage r\u00e9ussi, et c\u2019est justement cette distance-l\u00e0 qui nous fait rire et nous touche \u00e9norm\u00e9ment !<br \/>\n<em> 18 et 19 mars 2005<\/em><\/p>\n<p style=\"text-align: justify;\"><strong><a href=\"http:\/\/www.la-tete-de-mule.fr\/wp-content\/uploads\/2012\/09\/abelgordon.jpg\"><img loading=\"lazy\" decoding=\"async\" class=\"alignleft size-full wp-image-145\" title=\"abelgordon\" src=\"http:\/\/www.la-tete-de-mule.fr\/wp-content\/uploads\/2012\/09\/abelgordon.jpg\" alt=\"\" width=\"146\" height=\"177\" \/><\/a>Histoire sans gravit\u00e9<\/strong><br \/>\nCompagnie Abel et Gordon<br \/>\n\u201cHistoire sans gravit\u00e9\u201d est une cr\u00e9ation burlesque, un conte fantastique dans lequel nous posons notre regard sur la solitude de l\u2019\u00eatre humain et sa capacit\u00e9 \u00e0 s\u2019adapter\u2026<br \/>\nUn beau matin, Lily Hopkins se fait kidnapper en pleine rue par des \u00eatres inconnus, venus d\u2019une autre plan\u00e8te. Ses ravisseurs \u00e9tranges la rejettent sur la lune, l\u00e0 o\u00f9 Andr\u00e9, terroris\u00e9, attend depuis trois mois sans comprendre l\u2019objet de son enl\u00e8vement\u2026<br \/>\nC\u2019est pourtant clair : les extraterrestres veulent savoir ce qu\u2019est l\u2019\u00eatre humain, ce qu\u2019il mange, ce qu\u2019il boit, comment il vit et surtout, comment il se reproduit\u2026<br \/>\nComme d\u2019habitude, un pur bonheur !<br \/>\n<em> 25 et 26 mars 2005<\/em><\/p>\n<p style=\"text-align: justify;\"><strong><a href=\"http:\/\/www.la-tete-de-mule.fr\/wp-content\/uploads\/2012\/09\/chanson.jpg\"><img loading=\"lazy\" decoding=\"async\" class=\"alignleft size-full wp-image-146\" title=\"chanson\" src=\"http:\/\/www.la-tete-de-mule.fr\/wp-content\/uploads\/2012\/09\/chanson.jpg\" alt=\"\" width=\"146\" height=\"94\" \/><\/a>Chansons \u00e0 fuir<\/strong><br \/>\n<em> Compagnie Monsieur Daniel<\/em><br \/>\nAu m\u00e9pris des modes et des tendances, dites culturelles, un trio d\u2019\u00e9nergum\u00e8nes atypiques vient d\u2019accomplir le petit miracle sc\u00e9nique qu\u2019on n\u2019attendait plus : remettre la chanson \u00e0 texte au go\u00fbt du jour !<br \/>\nMonsieur Daniel et ses acolytes arrivent \u00e0 imposer, avec une gouaille et une verve inimitables, un univers tendre et acide o\u00f9 l\u2019humour \u00e9norme et l\u2019irrespect le plus tonique c\u00f4toient, sans probl\u00e8me apparent, l\u2019\u00e9motion rare et la prise de position salutaire.<br \/>\nCe \u201cDaniel\u201d, plus vou\u00e9 aux fosses d\u2019orchestres qu\u2019aux fosses aux lions, est appel\u00e9 \u00e0 devenir tr\u00e8s bient\u00f4t un grand Monsieur de la chanson !<br \/>\nProfitez-en\u2026<br \/>\n<em> 1er et 2 avril 2005<\/em><\/p>\n<p style=\"text-align: justify;\">\n","protected":false},"excerpt":{"rendered":"<p>Lou Volt en concert Compagnie Dr\u00f4les de Dames Comme le champagne, elle p\u00e9tille. Comme la Tour Eiffel, le soir venu, elle s\u2019enflamme. Belle et \u00e9l\u00e9gante comme Paris, gaie comme le carnaval de Dunkerque d\u2019o\u00f9 elle vient. Petite perle du \u201cGrand Orchestre du Splendid\u201d, il faut de toute urgence d\u00e9couvrir sur sc\u00e8ne l\u2019explosive et excentrique Lou Volt. Elle est joyeuse, entra\u00eenante, dr\u00f4le bien s\u00fbr, mais aussi sensuelle et audacieuse, et m\u00eame parfois tendre et \u00e9mouvante\u2026 Bref, un spectacle musical survolt\u00e9, entrecoup\u00e9&#8230;<\/p>\n<p class=\"read-more\"><a class=\"btn btn-default\" href=\"https:\/\/www.la-tete-de-mule.fr\/?page_id=78\">Lire la suite<span class=\"screen-reader-text\"> Lire la suite<\/span><\/a><\/p>\n","protected":false},"author":5,"featured_media":0,"parent":77,"menu_order":0,"comment_status":"closed","ping_status":"open","template":"","meta":{"footnotes":""},"class_list":["post-78","page","type-page","status-publish","hentry"],"_links":{"self":[{"href":"https:\/\/www.la-tete-de-mule.fr\/index.php?rest_route=\/wp\/v2\/pages\/78","targetHints":{"allow":["GET"]}}],"collection":[{"href":"https:\/\/www.la-tete-de-mule.fr\/index.php?rest_route=\/wp\/v2\/pages"}],"about":[{"href":"https:\/\/www.la-tete-de-mule.fr\/index.php?rest_route=\/wp\/v2\/types\/page"}],"author":[{"embeddable":true,"href":"https:\/\/www.la-tete-de-mule.fr\/index.php?rest_route=\/wp\/v2\/users\/5"}],"replies":[{"embeddable":true,"href":"https:\/\/www.la-tete-de-mule.fr\/index.php?rest_route=%2Fwp%2Fv2%2Fcomments&post=78"}],"version-history":[{"count":16,"href":"https:\/\/www.la-tete-de-mule.fr\/index.php?rest_route=\/wp\/v2\/pages\/78\/revisions"}],"predecessor-version":[{"id":689,"href":"https:\/\/www.la-tete-de-mule.fr\/index.php?rest_route=\/wp\/v2\/pages\/78\/revisions\/689"}],"up":[{"embeddable":true,"href":"https:\/\/www.la-tete-de-mule.fr\/index.php?rest_route=\/wp\/v2\/pages\/77"}],"wp:attachment":[{"href":"https:\/\/www.la-tete-de-mule.fr\/index.php?rest_route=%2Fwp%2Fv2%2Fmedia&parent=78"}],"curies":[{"name":"wp","href":"https:\/\/api.w.org\/{rel}","templated":true}]}}