{"id":88,"date":"2012-09-04T07:16:36","date_gmt":"2012-09-04T06:16:36","guid":{"rendered":"http:\/\/localhost:8888\/tetedemule\/?page_id=88"},"modified":"2012-11-02T19:55:17","modified_gmt":"2012-11-02T18:55:17","slug":"edition-2009","status":"publish","type":"page","link":"https:\/\/www.la-tete-de-mule.fr\/?page_id=88","title":{"rendered":"\u00c9dition 2009"},"content":{"rendered":"<p style=\"text-align: justify;\"><strong><a href=\"http:\/\/www.la-tete-de-mule.fr\/wp-content\/uploads\/2012\/09\/trinidad081.jpg\"><img loading=\"lazy\" decoding=\"async\" class=\"alignleft size-full wp-image-205\" title=\"trinidad08\" src=\"http:\/\/www.la-tete-de-mule.fr\/wp-content\/uploads\/2012\/09\/trinidad081.jpg\" alt=\"\" width=\"146\" height=\"146\" \/><\/a>Peut-on avoir \u00e9t\u00e9 con\u00e7u dans l&rsquo;amour et faire la gueule dans les transports en commun ?<\/strong><br \/>\n<em> de et par Trinidad<\/em><br \/>\nVoil\u00e0 le genre de questions que se pose Trinidad. Et elle y arrive ! Son spectacle est un voyage dans l&rsquo;esprit de la \u00ab\u00a0femme actuelle\u00a0\u00bb. La \u00ab\u00a0FM\u00a0\u00bb (fran\u00e7aise moyenne) y c\u00f4toie la shoot\u00e9e au chocolat et la vamp monitrice d&rsquo;auto-\u00e9cole, le tout formant un portrait d\u00e9capant et irr\u00e9sistiblement dr\u00f4le, m\u00eame pour les hommes. \u00ab\u00a0On se ressemble tous tellement\u00a0\u00bb, dit-elle en souriant. On finit par s&rsquo;y retrouver, pour mieux se moquer. Car rire des autres et d&rsquo;elle-m\u00eame, c&rsquo;est le credo de Trinidad depuis 20 ans.<br \/>\n<em> 16 et 17 janvier 2009<\/em><\/p>\n<p style=\"text-align: justify;\"><strong><a href=\"http:\/\/www.la-tete-de-mule.fr\/wp-content\/uploads\/2012\/09\/eauxlesbains.jpg\"><img loading=\"lazy\" decoding=\"async\" class=\"alignleft size-full wp-image-206\" title=\"eauxlesbains\" src=\"http:\/\/www.la-tete-de-mule.fr\/wp-content\/uploads\/2012\/09\/eauxlesbains.jpg\" alt=\"\" width=\"146\" height=\"146\" \/><\/a>Eaux-les-bains<\/strong><br \/>\n<em> Cie le Kafteur<\/em><br \/>\nBienvenue \u00e0 Eaux-les-Bains, centre de cure thermale fra\u00eechement \u2013 et un peu h\u00e2tivement \u2013 r\u00e9nov\u00e9. Du personnel vite d\u00e9bord\u00e9, du mat\u00e9riel de soin aux multiples surprises et ce sont les curistes qui trinquent ! Un vent de panique souffle dans les couloirs glissants d\u2019Eaux-les-Bains o\u00f9 tout finit par d\u00e9raper. Humour, tendresse et d\u00e9rision barbotent ensemble dans ce dr\u00f4le de ballet burlesque, en peignoir et sans parole. Une vision d\u00e9sopilante du thermalisme o\u00f9 r\u00e9sonne l\u2019univers de Jacques Tati.<br \/>\n<em> 23 et 24 janvier 2009<\/em><\/p>\n<p style=\"text-align: justify;\"><strong><a href=\"http:\/\/www.la-tete-de-mule.fr\/wp-content\/uploads\/2012\/09\/marguerite.jpg\"><img loading=\"lazy\" decoding=\"async\" class=\"alignleft size-full wp-image-207\" title=\"marguerite\" src=\"http:\/\/www.la-tete-de-mule.fr\/wp-content\/uploads\/2012\/09\/marguerite.jpg\" alt=\"\" width=\"146\" height=\"146\" \/><\/a>La naissance de Marguerite<\/strong><br \/>\n<em>de Benjamin Lef\u00e8bvre<\/em><br \/>\n<em>Cie R\u00eave de plaisanterie<\/em><br \/>\nQui est Marguerite ? Une femme, une vache, une r\u00e9volt\u00e9e, une cr\u00e9ature soumise, une originale ? D\u2019o\u00f9 vient-elle ? Est-elle n\u00e9e dans une fleur, un chou, un chou-fleur ? Quelle f\u00e9e lui a jet\u00e9 un sort sur son berceau ? Quel cr\u00e9ateur sadique ou \u00e9tourdi a m\u00e9lang\u00e9 les g\u00eanes de la sorte ? Autant de questions auxquelles Marguerite ne donnera pas de r\u00e9ponses. Une seule r\u00e9alit\u00e9 pour elle : I am what I am.<br \/>\n<em> 30 et 31 janvier 2009<\/em><\/p>\n<p style=\"text-align: justify;\"><strong><a href=\"http:\/\/www.la-tete-de-mule.fr\/wp-content\/uploads\/2012\/09\/cubitus.jpg\"><img loading=\"lazy\" decoding=\"async\" class=\"alignleft size-full wp-image-208\" title=\"cubitus\" src=\"http:\/\/www.la-tete-de-mule.fr\/wp-content\/uploads\/2012\/09\/cubitus.jpg\" alt=\"\" width=\"146\" height=\"146\" \/><\/a>Le cubitus du manchot<\/strong><br \/>\n<em> Cie Le cubitus du manchot<\/em><br \/>\nLe Cubitus du Manchot, c\u2019est un trio compos\u00e9 d\u2019une fille et de deux gars. C\u2019est aussi un spectacle de cirque, port\u00e9 par l\u2019acrobatie gesticulatoire. Acrobatie, main \u00e0 main et gestuelle sont d\u00e9tourn\u00e9s pour cr\u00e9er des situations incongrues. La musique s\u2019insinue largement entre deux galipettes pour donner un peu de son \u00e0 ces trois peu bavards. Univers absurde, parfois grin\u00e7ant ou po\u00e9tique, \u00e0 travers lequel les trois personnages se d\u00e9voilent.<br \/>\n<em> 6 et 7 f\u00e9vrier 2009<\/em><\/p>\n<p style=\"text-align: justify;\"><strong><a href=\"http:\/\/www.la-tete-de-mule.fr\/wp-content\/uploads\/2012\/09\/enversdecor.jpg\"><img loading=\"lazy\" decoding=\"async\" class=\"alignleft size-full wp-image-209\" title=\"enversdecor\" src=\"http:\/\/www.la-tete-de-mule.fr\/wp-content\/uploads\/2012\/09\/enversdecor.jpg\" alt=\"\" width=\"146\" height=\"146\" \/><\/a>L&rsquo;envers du d\u00e9cor<\/strong><br \/>\n<em> de et par Florence Andrieu et Flannan Ob\u00e9 avec Yves Meierhans au piano<\/em><br \/>\nElisabeth et Fr\u00e9d\u00e9ric, chanteurs lyriques, se retrouvent engag\u00e9s dans un r\u00e9cital d\u2019op\u00e9rette 7 ans apr\u00e8s leur s\u00e9paration. Dans l\u2019urgence d\u2019une repr\u00e9sentation \u00e0 assurer co\u00fbte que co\u00fbte, une course folle s\u2019engage entre les coulisses et la sc\u00e8ne, o\u00f9 se m\u00ealent duos d\u2019amour et r\u00e8glements de comptes. Une com\u00e9die sentimentale et musicale sans temps mort. L\u2019Envers du D\u00e9cor est un spectacle \u00e9crit et interpr\u00e9t\u00e9 par Florence Andrieu, qui s\u2019est notamment distingu\u00e9e dans 2 op\u00e9rettes \u00e0 succ\u00e8s : Ba-Ta-Clan et Ta Bouche, et par Flannan Ob\u00e9, com\u00e9dien et chanteur, membre du trio Lucienne et les Gar\u00e7ons qui a remport\u00e9 le prix Spedidam 2006. Yves Meierhans leur donne la r\u00e9plique et les accompagne au piano dans des \u0153uvres d\u2019Offenbach, Messager, Yvain\u2026<\/p>\n<p style=\"text-align: justify;\"><strong><a href=\"http:\/\/www.la-tete-de-mule.fr\/wp-content\/uploads\/2012\/09\/cottet-moine1.jpg\"><img loading=\"lazy\" decoding=\"async\" class=\"alignleft size-full wp-image-210\" title=\"cottet-moine\" src=\"http:\/\/www.la-tete-de-mule.fr\/wp-content\/uploads\/2012\/09\/cottet-moine1.jpg\" alt=\"\" width=\"146\" height=\"146\" \/><\/a>Cottet-Moine<\/strong><br \/>\nde et par Patrik Cottet-Moine<br \/>\nSans un mot, par des gestes d\u2019une pr\u00e9cision de chirurgien, ses expressions impayables et ses bruitages hallucinants, ce m\u00e9lange d\u00e9tonnant de Buster Keaton et de Jacques Tati fait vivre des personnages plus vrais que nature dans des situations cocasses. D\u00e9filent entre autres le p\u00eacheur aux prises avec un poisson r\u00e9calcitrant, Zorro emp\u00eatr\u00e9 dans sa cape, un groupe de rock caricatural ou une championne de tennis \u00e9liminant ses adversaires \u00e0 la Kalachnikov\u2026 C\u2019est fin, inventif, parfois po\u00e9tique et \u00e9videmment extr\u00eamement dr\u00f4le !<br \/>\n<em> 20 et 21 f\u00e9vrier 2009<\/em><\/p>\n<p style=\"text-align: justify;\"><strong><a href=\"http:\/\/www.la-tete-de-mule.fr\/wp-content\/uploads\/2012\/09\/helmut.jpg\"><img loading=\"lazy\" decoding=\"async\" class=\"alignleft size-full wp-image-211\" title=\"helmut\" src=\"http:\/\/www.la-tete-de-mule.fr\/wp-content\/uploads\/2012\/09\/helmut.jpg\" alt=\"\" width=\"146\" height=\"146\" \/><\/a>Helmut et champion<\/strong><br \/>\n<em> Cie Flex<\/em><br \/>\nPourquoi un clown ne serait-il que gentil ? Dans le monde d&rsquo;aujourd&rsquo;hui, il existe des clowns d&rsquo;une nouvelle vague : celle de l&rsquo;accrochage. Ils vous harponnent, vous emm\u00e8nent avec eux, vous retournent jusqu&rsquo;\u00e0 la chute, une chute dans leur univers. Vous oubliez alors o\u00f9 vous \u00eates, perdus dans ce tourbillon de confidences. Champion est tellement fier de son ami Helmut, de sa voix envoutante et de ses pouvoirs occultes, qu&rsquo;il est pr\u00eat \u00e0 tout pour lui t\u00e9moigner son admiration. Malheureusement, sa distraction et sa maladresse le rendent ing\u00e9rable et provoquent les terribles col\u00e8res d&rsquo;Helmut&#8230;<br \/>\n<em> 13 et 14 mars 2009<\/em><\/p>\n<p style=\"text-align: justify;\"><strong><a href=\"http:\/\/www.la-tete-de-mule.fr\/wp-content\/uploads\/2012\/09\/grandsducs3.jpg\"><img loading=\"lazy\" decoding=\"async\" class=\"alignleft size-thumbnail wp-image-212\" title=\"grandsducs\" src=\"http:\/\/www.la-tete-de-mule.fr\/wp-content\/uploads\/2012\/09\/grandsducs3-150x150.jpg\" alt=\"\" width=\"150\" height=\"150\" \/><\/a>La tourn\u00e9e des grands ducs<\/strong><br \/>\n<em> La T\u00eate de Mule<\/em><br \/>\nLa Bourgogne revisit\u00e9e de fa\u00e7on humoristique ! Tout commence par une conf\u00e9rence-diaporama o\u00f9 Pierre Larousse tente pompeusement de faire revivre les \u00e9l\u00e9ments fondateurs de la r\u00e9gion, de la pr\u00e9histoire \u00e0 nos jours\u2026 C\u2019est sans compter sur la mauvaise volont\u00e9 de sa troupe, moyennement convaincue par l\u2019int\u00e9r\u00eat de ce spectacle en particulier et du travail en g\u00e9n\u00e9ral. \u201cLa Tourn\u00e9e des Grands Ducs\u201d, o\u00f9 l\u2019histoire du premier one man show pour six, coinc\u00e9 entre Pirandello et les Monty Python ! Le dialogue savoureux est servi par une p\u00e9tulante interpr\u00e9tation\u2026 On en rit encore !<br \/>\n<em> 20 et 21 mars 2009<\/em><\/p>\n<p style=\"text-align: justify;\"><strong><a href=\"http:\/\/www.la-tete-de-mule.fr\/wp-content\/uploads\/2012\/09\/msergent.jpg\"><img loading=\"lazy\" decoding=\"async\" class=\"alignleft size-full wp-image-213\" title=\"msergent\" src=\"http:\/\/www.la-tete-de-mule.fr\/wp-content\/uploads\/2012\/09\/msergent.jpg\" alt=\"\" width=\"146\" height=\"146\" \/><\/a>Dits et interdits<\/strong><br \/>\n<em> De et par Marianne Sergent<\/em><br \/>\nMarianne Sergent, v\u00e9ritable antidote contre le stress et la d\u00e9prime, lib\u00e8re les endorphines, mol\u00e9cules du bien-\u00eatre en maniant la provocation et l\u2019humour ravageur. Un cocktail tonique bien servi compos\u00e9 d\u2019une revue de presse d\u00e9tonnante et des sketches aux personnages d\u00e9jant\u00e9s ! Sans passer \u00e0 la t\u00e9l\u00e9vision, Marianne Sergent m\u00e8ne depuis trente ans sa carri\u00e8re de soliste de l\u2019humour \u00e0 cent \u00e0 l\u2019heure. Cette pionni\u00e8re et embl\u00e8me du Caf\u00e9 th\u00e9\u00e2tre, chroniqueuse sur Europe 1 chez Ruquier est l\u2019incarnation de l\u2019humoriste sans concession. Mordante et g\u00e9n\u00e9reuse. C&rsquo;est tout simplement hilarant, courez-y vite !<br \/>\n<em> 27 et 28 mars 2009<\/em><\/p>\n<p style=\"text-align: justify;\"><strong><a href=\"http:\/\/www.la-tete-de-mule.fr\/wp-content\/uploads\/2012\/09\/oignon.jpg\"><img decoding=\"async\" class=\"alignleft size-full wp-image-214\" title=\"l'oignon 050\" src=\"http:\/\/www.la-tete-de-mule.fr\/wp-content\/uploads\/2012\/09\/oignon.jpg\" alt=\"\" \/><\/a>L&rsquo;oignon de Tr\u00e9vignolles<\/strong><br \/>\n<em> Cie \u00c0 l\u2019envers<\/em><br \/>\nTrois figures locales de Tr\u00e9vignolles sur Vaillante, les Fr\u00e8res Chalut et Madame Grollier, soutenus par leur mairie, d\u00e9cident de sillonner les routes de France afin de promouvoir le patrimoine et la culture trouvignoise \u00e0 savoir : l\u2019Oignon. Une com\u00e9die bulbeuse !<br \/>\n<em>3 et 4 avril 2009<\/em><\/p>\n<p style=\"text-align: justify;\"><strong><a href=\"http:\/\/www.la-tete-de-mule.fr\/wp-content\/uploads\/2012\/09\/pointille.jpg\"><img loading=\"lazy\" decoding=\"async\" class=\"alignleft size-full wp-image-215\" title=\"pointille\" src=\"http:\/\/www.la-tete-de-mule.fr\/wp-content\/uploads\/2012\/09\/pointille.jpg\" alt=\"\" width=\"146\" height=\"146\" \/><\/a>En suivant les pointill\u00e9s<\/strong><br \/>\n<em> Cie du Chien qui Tousse<\/em><br \/>\nEn suivant les pointill\u00e9s est le r\u00e9cit d\u2019une rencontre inattendue, l\u2019histoire d\u2019une amiti\u00e9 improbable entre deux hommes tr\u00e8s diff\u00e9rents : Najim et Michel. Ce spectacle dr\u00f4le, mouvement\u00e9, tendre, alterne entre adresse directe au public et sayn\u00e8tes rev\u00e9cues. La souplesse de navigation des deux com\u00e9diens dans le temps et dans l\u2019espace, rappelle le d\u00e9coupage d\u2019un film ; par la seule force du jeu le spectateur voyage dans un tourbillon de souvenirs. D\u2019un a\u00e9roport moderne \u00e0 la ville mythique de Tombouctou en passant par le d\u00e9sert et les Touaregs, ce road movie p\u00e9taradant aux parfums initiatiques invite adulte et enfant \u00e0 rire, \u00e0 r\u00e9fl\u00e9chir et \u00e0 s\u2019ouvrir car en filigrane, au d\u00e9tour d\u2019une conversation de caf\u00e9, c\u2019est de tol\u00e9rance dont il est question.<br \/>\n<em> 10 et 11 avril 2009<\/em><\/p>\n<p style=\"text-align: justify;\"><strong><a href=\"http:\/\/www.la-tete-de-mule.fr\/wp-content\/uploads\/2012\/09\/acidelyrique.jpg\"><img loading=\"lazy\" decoding=\"async\" class=\"alignleft size-full wp-image-216\" title=\"Acide Lyrique\" src=\"http:\/\/www.la-tete-de-mule.fr\/wp-content\/uploads\/2012\/09\/acidelyrique.jpg\" alt=\"\" width=\"146\" height=\"146\" \/><\/a>Opus \u00e0 l&rsquo;oreille<\/strong><br \/>\n<em> Cie Acide lyrique<\/em><br \/>\nHumour et grand r\u00e9pertoire\u2026 Venez d\u00e9couvrir en exclusivit\u00e9 mondiale, Opus \u00e0 l\u2019oreille, la nouvelle cr\u00e9ation lyrico-comique d\u2019Acide Lyrique. Oreilles bouch\u00e9es ? Tympan molasson ? Apr\u00e8s une seule audition d\u2019Opus \u00e0 l&rsquo;oreille, vos tympans ainsi que vos trompes d\u2019eustache pourront vibrer \u00e0 nouveau au son du bel canto comme de Toto Cutugno, de Verdi, de Debussy, du chant gr\u00e9gorien ou de chansons paillardes, de V. Samson et Dalida, de Mendelssohn ou de Michael Jackson&#8230; Sans trucage et sans craindre le b\u00fbch\u00e9, vous entendrez enfin des voix ! Lyrique, d\u00e9capant, visuel, explosif, virtuose, \u00e7a tourne \u00e7a virevolte, \u00e7a voltige, \u00e7a retombe sur ses pattes parfois\u2026<br \/>\n<em> 17 et 18 avril 2009<\/em><\/p>\n","protected":false},"excerpt":{"rendered":"<p>Peut-on avoir \u00e9t\u00e9 con\u00e7u dans l&rsquo;amour et faire la gueule dans les transports en commun ? de et par Trinidad Voil\u00e0 le genre de questions que se pose Trinidad. Et elle y arrive ! Son spectacle est un voyage dans l&rsquo;esprit de la \u00ab\u00a0femme actuelle\u00a0\u00bb. La \u00ab\u00a0FM\u00a0\u00bb (fran\u00e7aise moyenne) y c\u00f4toie la shoot\u00e9e au chocolat et la vamp monitrice d&rsquo;auto-\u00e9cole, le tout formant un portrait d\u00e9capant et irr\u00e9sistiblement dr\u00f4le, m\u00eame pour les hommes. \u00ab\u00a0On se ressemble tous tellement\u00a0\u00bb, dit-elle en&#8230;<\/p>\n<p class=\"read-more\"><a class=\"btn btn-default\" href=\"https:\/\/www.la-tete-de-mule.fr\/?page_id=88\">Lire la suite<span class=\"screen-reader-text\"> Lire la suite<\/span><\/a><\/p>\n","protected":false},"author":5,"featured_media":0,"parent":77,"menu_order":0,"comment_status":"closed","ping_status":"open","template":"","meta":{"footnotes":""},"class_list":["post-88","page","type-page","status-publish","hentry"],"_links":{"self":[{"href":"https:\/\/www.la-tete-de-mule.fr\/index.php?rest_route=\/wp\/v2\/pages\/88","targetHints":{"allow":["GET"]}}],"collection":[{"href":"https:\/\/www.la-tete-de-mule.fr\/index.php?rest_route=\/wp\/v2\/pages"}],"about":[{"href":"https:\/\/www.la-tete-de-mule.fr\/index.php?rest_route=\/wp\/v2\/types\/page"}],"author":[{"embeddable":true,"href":"https:\/\/www.la-tete-de-mule.fr\/index.php?rest_route=\/wp\/v2\/users\/5"}],"replies":[{"embeddable":true,"href":"https:\/\/www.la-tete-de-mule.fr\/index.php?rest_route=%2Fwp%2Fv2%2Fcomments&post=88"}],"version-history":[{"count":10,"href":"https:\/\/www.la-tete-de-mule.fr\/index.php?rest_route=\/wp\/v2\/pages\/88\/revisions"}],"predecessor-version":[{"id":131,"href":"https:\/\/www.la-tete-de-mule.fr\/index.php?rest_route=\/wp\/v2\/pages\/88\/revisions\/131"}],"up":[{"embeddable":true,"href":"https:\/\/www.la-tete-de-mule.fr\/index.php?rest_route=\/wp\/v2\/pages\/77"}],"wp:attachment":[{"href":"https:\/\/www.la-tete-de-mule.fr\/index.php?rest_route=%2Fwp%2Fv2%2Fmedia&parent=88"}],"curies":[{"name":"wp","href":"https:\/\/api.w.org\/{rel}","templated":true}]}}