{"id":90,"date":"2012-09-04T07:16:56","date_gmt":"2012-09-04T06:16:56","guid":{"rendered":"http:\/\/localhost:8888\/tetedemule\/?page_id=90"},"modified":"2012-11-02T20:05:43","modified_gmt":"2012-11-02T19:05:43","slug":"edition-2010","status":"publish","type":"page","link":"https:\/\/www.la-tete-de-mule.fr\/?page_id=90","title":{"rendered":"\u00c9dition 2010"},"content":{"rendered":"<p style=\"text-align: justify;\"><strong><a href=\"http:\/\/www.la-tete-de-mule.fr\/wp-content\/uploads\/2012\/09\/zinde.jpg\"><img loading=\"lazy\" decoding=\"async\" class=\"alignleft size-full wp-image-220\" title=\"zinde\" src=\"http:\/\/www.la-tete-de-mule.fr\/wp-content\/uploads\/2012\/09\/zinde.jpg\" alt=\"\" width=\"146\" height=\"146\" \/><\/a>Le cheval qui murmurait \u00e0 l&rsquo;oreille des zind\u00e9sirables<\/strong><br \/>\n<em>Compagnie Pleins feux<\/em><br \/>\n<em>Auteurs et interpr\u00e8tes : Marc Andreini et Jean-Yves Girin<\/em><br \/>\n<em>Mise en Sc\u00e8ne : Arnaud Lemort<\/em><br \/>\n<em>Cr\u00e9ation Lumi\u00e8res : Jean-Marie Prouv\u00e8ze<\/em><br \/>\n<em>Chor\u00e9graphies : Francis Pedros<\/em><br \/>\nDeux amis se retrouvent au grenier, lieu o\u00f9 ils faisaient hier les quatre cents coups et o\u00f9 les attendent mille objets pr\u00eats \u00e0 r\u00e9veiller leurs c\u0153urs d\u2019enfants. Biscotte, le cheval de bois, leur chuchote le chemin pour revivre de folles aventures. Chapeaux de cow-boys et capes de magiciens redeviennent alors des tr\u00e9sors. Les arts de la sc\u00e8ne s\u2019expriment tous azimuts dans ce spectacle tr\u00e8s visuel ! Ballets \u00e9questres improbables, acrobaties et chor\u00e9graphies endiabl\u00e9es.<br \/>\n<em> 8 et 9 janvier 2010<\/em><\/p>\n<p style=\"text-align: justify;\"><strong><a href=\"http:\/\/www.la-tete-de-mule.fr\/wp-content\/uploads\/2012\/09\/les_cop_s.jpg\"><img loading=\"lazy\" decoding=\"async\" class=\"alignleft size-full wp-image-221\" title=\"les_cop_s\" src=\"http:\/\/www.la-tete-de-mule.fr\/wp-content\/uploads\/2012\/09\/les_cop_s.jpg\" alt=\"\" width=\"146\" height=\"146\" \/><\/a>Boudu les cop&rsquo;s<\/strong><br \/>\nCes trois Toulousaines (d\u00e9j\u00e0 bien connues dans le sud de la France\u2026) jouent guitare, percussions, basse, cajon, accord\u00e9on mais aussi po\u00eale, entozou et biscotte, pour accompagner et soutenir l\u2019interpr\u00e9tation de leurs textes \u00e0 la fois loufoques, pertinents et p\u00e9dagogiques\u2026 Le tout sur des rythmes boudufiquement endiabl\u00e9s. Elles s\u2019autoproclament \u00ab groupe humoristico-\u00e9rotico-acoustique \u00bb et quoi de plus efficace et d\u00e9vastateur que trois copines charmeuses et dr\u00f4les, aux voix enj\u00f4leusement bien accord\u00e9es. Entre berceuses douces, f\u00e9minines et grivoiseries festives, les Cop\u2019s jouent sur des registres vari\u00e9s : comptines, rock, reggae ou blues, et nous r\u00e9galent de leurs voix \u00e0 la tierce digne des Andrew Sisters ou des Triplettes de Belleville.<br \/>\n<em> 15 et 16 janvier 2010<\/em><\/p>\n<p style=\"text-align: justify;\"><strong><a href=\"http:\/\/www.la-tete-de-mule.fr\/wp-content\/uploads\/2012\/09\/stesprit.jpg\"><img loading=\"lazy\" decoding=\"async\" class=\"alignleft size-full wp-image-222\" title=\"stesprit\" src=\"http:\/\/www.la-tete-de-mule.fr\/wp-content\/uploads\/2012\/09\/stesprit.jpg\" alt=\"\" width=\"146\" height=\"146\" \/><\/a>L&rsquo;op\u00e9ration du Saint-Esprit<\/strong><br \/>\n<em>Compagnie Les Emplum\u00e9s<\/em><br \/>\n<em>Une com\u00e9die leste et c\u00e9leste de Michel Heim<\/em><br \/>\n<em>Mise en sc\u00e8ne : Jean-Pierre Rouvellat<\/em><br \/>\n<em>Avec (par ordre d\u2019entr\u00e9e en sc\u00e8ne) :<\/em><br \/>\n<em>Xavier SIBUET (Saint Pierre)<\/em><br \/>\n<em>Michel Heim (Dieu le p\u00e8re)<\/em><br \/>\n<em>Vincent Baillet (la Vierge Marie)<\/em><br \/>\n<em>Laury Andr\u00e9 (l\u2019Ange Gabriel)Franck Isoart (J\u00e9sus) <\/em><br \/>\n<em>Jean-Fran\u00e7ois Dewulf (Lucifer)<\/em><br \/>\nLe Saint-Esprit a du plomb dans l\u2019aile, Dieu le P\u00e8re perd les p\u00e9dales et Lucifer tire le Diable par la queue. Ajoutez \u00e0 cela que J\u00e9sus r\u00eave de retourner sur terre, la Vierge Marie de mettre les voiles et l\u2019Ange Gabriel d\u2019avoir un sexe, rien d\u2019\u00e9tonnant \u00e0 ce que Saint-Pierre se soit remis \u00e0 picoler. Michel Heim nous ouvre les portes d\u2019un Paradis en pleine crise existentielle en ce d\u00e9but de XXIe si\u00e8cle o\u00f9 l\u2019\u00e9ternit\u00e9 touche incontestablement \u00e0 sa fin. Un texte sacr\u00e9ment iconoclaste.<br \/>\n<em> 22 et 23 janvier 2010<\/em><\/p>\n<p style=\"text-align: justify;\"><strong><a href=\"http:\/\/www.la-tete-de-mule.fr\/wp-content\/uploads\/2012\/09\/yvdb.jpg\"><img loading=\"lazy\" decoding=\"async\" class=\"alignleft size-full wp-image-223\" title=\"yvdb\" src=\"http:\/\/www.la-tete-de-mule.fr\/wp-content\/uploads\/2012\/09\/yvdb.jpg\" alt=\"\" width=\"146\" height=\"146\" \/><\/a>Truc de fou<\/strong><br \/>\n<em> Yann VDB<\/em><br \/>\nLe personnage farfelu de Yann VDB prend pr\u00e9texte de l\u2019histoire de Don Quichotte pour nous emmener dans une aventure d\u2019une pr\u00e9cision comique infernale. En prime, un excellent documentaire animalier sur le Bichon Fris\u00e9 : une pure merveille !!! L\u2019\u00e9criture est magistrale, tout autant que la performance du com\u00e9dien. Ainsi vous saurez pourquoi la vache qui rit, rit, d\u2019o\u00f9 vient l\u2019expression \u00ab Atchic, Atchic, Atchic \u00bb et qui \u00e9tait vraiment Damocl\u00e8s. En bref, un cours d\u2019histoire que vous n\u2019oublierez pas. Ce n\u2019est pas un hasard si il a \u00e9t\u00e9 demand\u00e9 \u00e0 Yann de pr\u00e9facer en partie le dernier ouvrage paru sur Pierre Desproges !<br \/>\n<em> 29 et 30 janvier 2010<\/em><\/p>\n<p style=\"text-align: justify;\"><strong><a href=\"http:\/\/www.la-tete-de-mule.fr\/wp-content\/uploads\/2012\/09\/barbier1.jpg\"><img loading=\"lazy\" decoding=\"async\" class=\"alignleft size-thumbnail wp-image-224\" title=\"barbier1\" src=\"http:\/\/www.la-tete-de-mule.fr\/wp-content\/uploads\/2012\/09\/barbier1-146x150.jpg\" alt=\"\" width=\"146\" height=\"150\" \/><\/a>Le Barbier de S\u00e9ville<\/strong><br \/>\n<em>Compagnie La T\u00eate de Mule<\/em><br \/>\n<em>Mise en sc\u00e8ne : Frank Sixdenier<\/em><br \/>\n<em>Musique : Patryk Lory et Yoann Voisin<\/em><br \/>\n<em>Costumes : Carmen Ducceschi<\/em><br \/>\n<em>D\u00e9cors, accessoires : Eric Souverain<\/em><br \/>\n<em>Caroline Figuiera Rosine<\/em><br \/>\n<em>Patryk Lory Figaro<\/em><br \/>\n<em>Jean-Jacques Michelet Bartholo<\/em><br \/>\n<em>Frank Sixdenier Le comte Almaviva<\/em><br \/>\n<em>Eric Souverain La Jeunesse<\/em><br \/>\n<em>Yoann Voisin Don Bazile<\/em><br \/>\nD\u00e8s sa deuxi\u00e8me repr\u00e9sentation, le Barbier de S\u00e9ville \u00e9tourdit Paris par sa jeunesse et sa gaiet\u00e9. Beaumarchais est reconnu d&#8217;embl\u00e9e comme un provocateur g\u00e9nial et visionnaire qui ose demander &#8211; nous sommes en 1775 &#8211; combien de ma\u00eetres seraient capables d&rsquo;\u00eatre domestiques ! Ce Figaro nous ferait presque oublier Moli\u00e8re ou Marivaux, tant son auteur a fabriqu\u00e9 avec lui un h\u00e9ros immortel, dont l&rsquo;intelligence et l&rsquo;impertinence restent \u00e0 ce jour in\u00e9gal\u00e9es&#8230;<br \/>\n<em> 5 et 6 f\u00e9vrier 2010<\/em><\/p>\n<p style=\"text-align: justify;\"><strong><a href=\"http:\/\/www.la-tete-de-mule.fr\/wp-content\/uploads\/2012\/09\/eliot.jpg\"><img loading=\"lazy\" decoding=\"async\" class=\"alignleft size-full wp-image-225\" title=\"eliot\" src=\"http:\/\/www.la-tete-de-mule.fr\/wp-content\/uploads\/2012\/09\/eliot.jpg\" alt=\"\" width=\"146\" height=\"146\" \/><\/a>Elliot, le Gladiateur de l\u2019humour<\/strong><br \/>\n<em>Un spectacle \u00e9crit par Eric Jenicot et R\u00e9my Caccia<\/em><br \/>\n<em>Mise en sc\u00e8ne : R\u00e9my Caccia<\/em><br \/>\n<em>Musiques : Kraj et Rixen<\/em><br \/>\nCe diable belge est en tourn\u00e9e avec son nouveau son one-man-show \u00ab LE GLADIATEUR DE L\u2019HUMOUR \u00bb sur les routes de France. Elliot monte sur sc\u00e8ne comme on entre dans l\u2019ar\u00e8ne\u2026 Avec sa gueule incroyable, une g\u00e9n\u00e9rosit\u00e9 extr\u00eame et une pr\u00e9sence \u00e9poustouflante, ce v\u00e9ritable performeur est pr\u00eat \u00e0 tout pour vous conqu\u00e9rir, vous captiver et vous faire rire ! Avec sa d\u00e9gaine rock\u2019n\u2019roll et une nature comique inn\u00e9e, on se dit qu\u2019il y a dans ce mec-l\u00e0 quelque chose \u00e0 la fois de Mick Jagger et Jim Carrey.<br \/>\n<em> 26 et 27 f\u00e9vrier 2010<\/em><\/p>\n<p style=\"text-align: justify;\"><strong><a href=\"http:\/\/www.la-tete-de-mule.fr\/wp-content\/uploads\/2012\/09\/jachete.jpg\"><img loading=\"lazy\" decoding=\"async\" class=\"alignleft size-full wp-image-226\" title=\"jachete\" src=\"http:\/\/www.la-tete-de-mule.fr\/wp-content\/uploads\/2012\/09\/jachete.jpg\" alt=\"\" width=\"146\" height=\"146\" \/><\/a>J&rsquo;ach\u00e8te<\/strong><br \/>\n<em>\u00c9crit et interpret\u00e9 par Florence Bardon et Simon Leblond<\/em><br \/>\n<em>Mise en sc\u00e8ne Renato Ribeiro<\/em><br \/>\nUn spectacle d\u2019humour impitoyable ! Tout y passe, la t\u00e9l\u00e9, la politique, la pub, le sexe, l\u2019univers de l\u2019entreprise&#8230; Les sketchs d\u00e9filent comme des codes barres ! Florence et Simon d\u00e9noncent une certaine r\u00e9alit\u00e9 avec ce qu\u2019il faut de l\u00e9g\u00e9ret\u00e9 pour nous faire rire. Doux dingues irr\u00e9sistibles et \u00e9l\u00e9gants, ils s\u2019attaquent aux sujets d\u2019actualit\u00e9, mais ne vous fiez pas \u00e0 leur bonne mine.<br \/>\n<em> 05 et 06 mars 2010<\/em><\/p>\n<p style=\"text-align: justify;\"><strong><a href=\"http:\/\/www.la-tete-de-mule.fr\/wp-content\/uploads\/2012\/09\/azimuth-20111.jpg\"><img loading=\"lazy\" decoding=\"async\" class=\"alignleft size-thumbnail wp-image-227\" title=\"azimuth-2011\" src=\"http:\/\/www.la-tete-de-mule.fr\/wp-content\/uploads\/2012\/09\/azimuth-20111-150x150.jpg\" alt=\"\" width=\"150\" height=\"150\" \/><\/a>Le meilleur d&rsquo;Azimuth<\/strong><br \/>\n<em>Bernard Azimuth<\/em><br \/>\n<em>Une production Les dr\u00f4les d\u2019oiseaux<\/em><br \/>\nApr\u00e8s avoir jou\u00e9 en 6 langues (fran\u00e7ais, anglais, italien, allemand, n\u00e9erlandais, espagnol) 3 spectacles burlesques en duo, pendant 9 ans dans toute l\u2019Europe, Bernard Azimuth se lance dans la carri\u00e8re solo et cr\u00e9e No Problem, avec lequel il continue de se produire \u00e0 l\u2019\u00e9tranger mais seulement en trois langues (fran\u00e7ais, italien, allemand). Lass\u00e9 de jouer dans des langues qu\u2019il ne parle pas ou si peu, il cr\u00e9e D\u00e9rapages qu\u2019il ne jouera plus qu\u2019en fran\u00e7ais ! Puis ce sera son troisi\u00e8me spectacle Je m\u2019demande !!?! Quelques tourn\u00e9es plus tard&#8230; Il cr\u00e9e en 2006 AH ! son cinqui\u00e8me solo. Le meilleur d\u2019Azimuth est une s\u00e9lection de ses meilleurs sketchs.<br \/>\n<em> 12 et 13 mars 2010<\/em><\/p>\n<p style=\"text-align: justify;\"><strong><a href=\"http:\/\/www.la-tete-de-mule.fr\/wp-content\/uploads\/2012\/09\/courgette.jpg\"><img loading=\"lazy\" decoding=\"async\" class=\"alignleft size-full wp-image-228\" title=\"courgette\" src=\"http:\/\/www.la-tete-de-mule.fr\/wp-content\/uploads\/2012\/09\/courgette.jpg\" alt=\"\" width=\"146\" height=\"146\" \/><\/a>Tortilla mucho<\/strong><br \/>\n<em>Mise en sc\u00e8ne : Patrice Riguet et Alice Hachet<\/em><br \/>\n<em>Avec Alice Hachet et Yohann Aguerre<\/em><br \/>\nP\u00e9n\u00e9lope Berthier et Gaston Lacouture sont de retour au th\u00e9\u00e2tre ! Ils ont trouv\u00e9 un pr\u00e9texte pour y revenir, ils vont faire une omelette en live&#8230; L\u2019\u00e9laboration de cette tortilla est ponctu\u00e9e de d\u00e9rapages po\u00e9tiques, absurdes ou d\u00e9lirants, souvent tr\u00e8s dr\u00f4les. Un spectacle men\u00e9 tambour battant proche de l\u2019univers des films muets et du dessin anim\u00e9. On est transport\u00e9 dans un monde totalement d\u00e9cal\u00e9.<br \/>\n<em> 19 et 20 mars 2010<\/em><\/p>\n<p style=\"text-align: justify;\"><strong><a href=\"http:\/\/www.la-tete-de-mule.fr\/wp-content\/uploads\/2012\/09\/isabeau.jpg\"><img loading=\"lazy\" decoding=\"async\" class=\"alignleft size-full wp-image-229\" title=\"isabeau\" src=\"http:\/\/www.la-tete-de-mule.fr\/wp-content\/uploads\/2012\/09\/isabeau.jpg\" alt=\"\" width=\"146\" height=\"146\" \/><\/a>Tenue correcte toujours exig\u00e9e<\/strong><br \/>\n<em> De et par Isabeau de R.<\/em><br \/>\nMais o\u00f9 va-t-elle chercher tout \u00e7\u00e0 ??? Chez les aristos, son milieu d\u2019origine ? Dans son exp\u00e9rience internationale ? Cette assoiff\u00e9e d\u2019aventure, amoureuse des langues, a \u00e9tudi\u00e9 \u00e0 Taiwan et S\u00e9oul, travaill\u00e9 \u00e0 P\u00e9kin, Honk-Kong, bourlingu\u00e9 sac au dos pendant des ann\u00e9es. Dans son pass\u00e9 de business-woman ? Eh oui, quinze ans dans la finance ! Pour une bonne observatrice, comme elle, p\u00e9trie d\u2019humour, adepte de la d\u00e9rision, amatrice des d\u00e9calages, avouez qu\u2019il y a mati\u00e8re \u00e0 sketchs&#8230; Avec Isabeau, d\u00e9couvrez une aristo workoholic dans le monde de l\u2019humour.<br \/>\n<em> 26 et 27 mars 2010<\/em><\/p>\n<p style=\"text-align: justify;\"><strong><a href=\"http:\/\/www.la-tete-de-mule.fr\/wp-content\/uploads\/2012\/09\/wally2011-283x198.jpg\"><img loading=\"lazy\" decoding=\"async\" class=\"alignleft size-thumbnail wp-image-230\" title=\"wally2011-283x198\" src=\"http:\/\/www.la-tete-de-mule.fr\/wp-content\/uploads\/2012\/09\/wally2011-283x198-150x150.jpg\" alt=\"\" width=\"150\" height=\"150\" \/><\/a>Deuxi\u00e8me d\u00e9marque<\/strong><br \/>\n<em> De et par Wally<\/em><br \/>\nSi le propos de Wally est souvent \u00ab social mais n\u00e9anmoins gai\u2026 \u00bb, il ne faut pas trop se fier \u00e0 ses airs de bon gros rigolo ; ses traits d&rsquo;esprit lanc\u00e9s l&rsquo;air de ne pas y toucher et une apparente bonhomie cachent un humour beaucoup plus corrosif qu&rsquo;il n&rsquo;y para\u00eet. Showman exceptionnel, Wally ma\u00eetrise avant tout l&rsquo;art du spectacle interactif. Compositeur efficace, excellent guitariste, pratiquant \u00e9galement le piano et l&rsquo;accord\u00e9on, dot\u00e9 d&rsquo;une belle voix, il aborde la sc\u00e8ne avec une r\u00e9elle d\u00e9contraction.<br \/>\n<em> 2 et 3 avril 2010<\/em><\/p>\n<p style=\"text-align: justify;\"><strong><a href=\"http:\/\/www.la-tete-de-mule.fr\/wp-content\/uploads\/2012\/09\/zablok.jpg\"><img loading=\"lazy\" decoding=\"async\" class=\"alignleft size-full wp-image-231\" title=\"zablok\" src=\"http:\/\/www.la-tete-de-mule.fr\/wp-content\/uploads\/2012\/09\/zablok.jpg\" alt=\"\" width=\"146\" height=\"146\" \/><\/a>Ca monte et \u00e7a descend<\/strong><br \/>\n<em> Les Zabloks<\/em><br \/>\nChez les Zabloks, on aime les sketches, les ronds-points et les mots qui vont du c\u00f4t\u00e9 o\u00f9 on les pousse. On aime les gens aussi ; ainsi, ils vous offrent \u00ab SNCF \u00bb, un disco fa\u00e7on Village People en plus poilu, histoire d\u2019attendre les wagons perdus dans les m\u00e9andres des gr\u00e8ves. Depuis 94, ils \u00e9cument les sc\u00e8nes, arm\u00e9s d\u2019une solide r\u00e9serve de compos, l\u00e9g\u00e8res ou am\u00e8res, mais toujours sous le signe des mots qui swinguent. Des mots qui, dans la bouche de la gu\u00eape Za, nous rappellent quelques d\u00e9lires higelinesques. Enfants de Bobby Lapointe, c\u2019est dans les petites mis\u00e8res et les petits plaisirs d\u2019aujourd\u2019hui qu\u2019ils trouvent l\u2019inspiration : la s\u00e9cu, les majorettes, le gant de toilette\u2026<br \/>\n23 et 24 avril 2010<\/p>\n","protected":false},"excerpt":{"rendered":"<p>Le cheval qui murmurait \u00e0 l&rsquo;oreille des zind\u00e9sirables Compagnie Pleins feux Auteurs et interpr\u00e8tes : Marc Andreini et Jean-Yves Girin Mise en Sc\u00e8ne : Arnaud Lemort Cr\u00e9ation Lumi\u00e8res : Jean-Marie Prouv\u00e8ze Chor\u00e9graphies : Francis Pedros Deux amis se retrouvent au grenier, lieu o\u00f9 ils faisaient hier les quatre cents coups et o\u00f9 les attendent mille objets pr\u00eats \u00e0 r\u00e9veiller leurs c\u0153urs d\u2019enfants. Biscotte, le cheval de bois, leur chuchote le chemin pour revivre de folles aventures. Chapeaux de cow-boys et&#8230;<\/p>\n<p class=\"read-more\"><a class=\"btn btn-default\" href=\"https:\/\/www.la-tete-de-mule.fr\/?page_id=90\">Lire la suite<span class=\"screen-reader-text\"> Lire la suite<\/span><\/a><\/p>\n","protected":false},"author":5,"featured_media":0,"parent":77,"menu_order":0,"comment_status":"closed","ping_status":"open","template":"","meta":{"footnotes":""},"class_list":["post-90","page","type-page","status-publish","hentry"],"_links":{"self":[{"href":"https:\/\/www.la-tete-de-mule.fr\/index.php?rest_route=\/wp\/v2\/pages\/90","targetHints":{"allow":["GET"]}}],"collection":[{"href":"https:\/\/www.la-tete-de-mule.fr\/index.php?rest_route=\/wp\/v2\/pages"}],"about":[{"href":"https:\/\/www.la-tete-de-mule.fr\/index.php?rest_route=\/wp\/v2\/types\/page"}],"author":[{"embeddable":true,"href":"https:\/\/www.la-tete-de-mule.fr\/index.php?rest_route=\/wp\/v2\/users\/5"}],"replies":[{"embeddable":true,"href":"https:\/\/www.la-tete-de-mule.fr\/index.php?rest_route=%2Fwp%2Fv2%2Fcomments&post=90"}],"version-history":[{"count":8,"href":"https:\/\/www.la-tete-de-mule.fr\/index.php?rest_route=\/wp\/v2\/pages\/90\/revisions"}],"predecessor-version":[{"id":697,"href":"https:\/\/www.la-tete-de-mule.fr\/index.php?rest_route=\/wp\/v2\/pages\/90\/revisions\/697"}],"up":[{"embeddable":true,"href":"https:\/\/www.la-tete-de-mule.fr\/index.php?rest_route=\/wp\/v2\/pages\/77"}],"wp:attachment":[{"href":"https:\/\/www.la-tete-de-mule.fr\/index.php?rest_route=%2Fwp%2Fv2%2Fmedia&parent=90"}],"curies":[{"name":"wp","href":"https:\/\/api.w.org\/{rel}","templated":true}]}}