{"id":94,"date":"2012-09-04T07:17:43","date_gmt":"2012-09-04T06:17:43","guid":{"rendered":"http:\/\/localhost:8888\/tetedemule\/?page_id=94"},"modified":"2012-11-04T17:45:05","modified_gmt":"2012-11-04T16:45:05","slug":"edition-2012","status":"publish","type":"page","link":"https:\/\/www.la-tete-de-mule.fr\/?page_id=94","title":{"rendered":"\u00c9dition 2012"},"content":{"rendered":"<p style=\"text-align: justify;\"><strong><a href=\"http:\/\/www.la-tete-de-mule.fr\/wp-content\/uploads\/2012\/09\/smoking1.jpg\"><img loading=\"lazy\" decoding=\"async\" class=\"alignleft size-full wp-image-256\" title=\"smoking\" src=\"http:\/\/www.la-tete-de-mule.fr\/wp-content\/uploads\/2012\/09\/smoking1.jpg\" alt=\"\" width=\"283\" height=\"190\" \/><\/a>Smoking Chopin<\/strong><br \/>\n<em>20 &amp; 21 janvier 2012<\/em><br \/>\n<em>Pr\u00e9sent\u00e9 par la compagnie Italienne : Teatro del Chiodo<br \/>\nCr\u00e9\u00e9 par Thomas et Lorenzo<\/em><br \/>\nLa musique est classique. On reconna\u00eet Schubert, Saint-Sa\u00ebns, Chopin, bien s\u00fbr, qui donne son nom \u00e0 ce spectacle hors norme. Mais le r\u00e9cital, lui, n\u2019a rien de classique. Il emprunte sans vergogne \u00e0 Buster Keaton et aux Marx Brothers en multipliant fac\u00e9ties burlesques et morceaux de bravoure.<br \/>\nA peine entr\u00e9s en sc\u00e8ne, les deux comparses se retrouvent en butte avec toute sorte de probl\u00e8mes bassement mat\u00e9riels \u2013 le si\u00e8ge du piano qui ne veut pas monter, les fauteuils de spectateurs qui grincent, l\u2019envie subite d\u2019en allumer une en pleine ex\u00e9cution pianistique, etc. Bref de quoi perturber le plus sto\u00efque des musiciens.<br \/>\n<em>L\u2019EST R\u00c9PUBLICAIN :<\/em><br \/>\n<em> \u00ab Ce duo \u00e9bouriffant et spectaculaire, offre aux m\u00e9lomanes de tr\u00e8s grands moments de musique classique et r\u00e9ussit \u00e0 concilier humour et maestria. \u00bb<\/em><\/p>\n<p style=\"text-align: justify;\"><strong><a href=\"http:\/\/www.la-tete-de-mule.fr\/wp-content\/uploads\/2012\/09\/nuitdesdupes1.jpg\"><img loading=\"lazy\" decoding=\"async\" class=\"alignleft size-full wp-image-257\" title=\"La nuit des dupes\" src=\"http:\/\/www.la-tete-de-mule.fr\/wp-content\/uploads\/2012\/09\/nuitdesdupes1.jpg\" alt=\"\" width=\"283\" height=\"190\" \/><\/a>La nuit des dupes<\/strong><br \/>\n<em>27 &amp; 28 janvier 2012<\/em><br \/>\n<em> Michel Heim (Richelieu), Renato Nasi (Marie de M\u00e9dicis), Gwenda Guthwasser (Anne d\u2019Autriche), Franck Isoart (Louis XIII), Guillaume Lucas (Buckingham \/ Pierre de Montesquiou).<br \/>\nMise en sc\u00e8ne : Jean-Pierre Rouvellat<\/em><br \/>\nAvec cette com\u00e9die de cape et de canap\u00e9 dans la lign\u00e9e de \u00ab\u00a0La Nuit des Reines\u00a0\u00bb, Michel Heim fait \u00e0 nouveau un bel enfant dans le dos \u00e0 l\u2019Histoire. La situation est en effet historique : Louis XIII n\u2019a pas d\u2019h\u00e9ritier et ne baise plus sa femme, la trop prude Anne d\u2019Autriche. Sa m\u00e8re, l\u2019intrigante Marie de M\u00e9dicis, compte en profiter pour le faire abdiquer en faveur de Gaston d\u2019Orl\u00e9ans. C\u2019est compter sans le fourbe Richelieu et le s\u00e9duisant Duc de Buckingham.<br \/>\n<em>LA PROVENCE :<\/em><br \/>\n<em> \u00ab Le ton est grivois, les costumes somptueux, les clins d\u2019oeil appuy\u00e9s, Les Amis de Monsieur ne se prennent toujours pas au s\u00e9rieux, ils sont prestes, ils sont dr\u00f4les, ils sont gays, pardon, gais, ils s\u2019amusent, ils amusent, ils font rire, grincheux s\u2019abstenir ! \u00bb<\/em><\/p>\n<p style=\"text-align: justify;\"><strong><a href=\"http:\/\/www.la-tete-de-mule.fr\/wp-content\/uploads\/2012\/09\/mangermonpere1.jpg\"><img loading=\"lazy\" decoding=\"async\" class=\"alignleft size-full wp-image-258\" title=\"mangermonpere\" src=\"http:\/\/www.la-tete-de-mule.fr\/wp-content\/uploads\/2012\/09\/mangermonpere1.jpg\" alt=\"\" width=\"283\" height=\"190\" \/><\/a>Pourquoi j\u2019ai mang\u00e9 mon p\u00e8re ?<\/strong><br \/>\n<em>3 &amp; 4 f\u00e9vrier 2012<\/em><br \/>\n<em> Auteur : Roy Lewis<\/em><br \/>\n<em>Com\u00e9dien : Damien Ricour<\/em><br \/>\n<em>Metteur en sc\u00e8ne : Patrick Laval<\/em><br \/>\nErnest Grassentroope, conf\u00e9rencier pith\u00e9canthrope, vient nous parler de l&rsquo;\u00e9volution de l&rsquo;humanit\u00e9 pendant le Pal\u00e9olithique inf\u00e9rieur. Entra\u00eenant le public dans son r\u00e9cit, il revit les joyeuses tribulations de sa tribu. Le public croise tour \u00e0 tour le chef Edouard, g\u00e9nial inventeur qui part chercher le feu sur un volcan, impose des r\u00e8gles de vie en soci\u00e9t\u00e9, dirige une production de silex; le fils Ernest, un artiste r\u00eaveur d\u00e9pass\u00e9 par les trouvailles de son p\u00e8re et l&rsquo;oncle Vania, fid\u00e8le gardien des traditions ancestrales (et sa c\u00e9l\u00e8bre formule \u00ab\u00a0back to the trees !\u00a0\u00bb)&#8230; Un spectacle solo hilarant.<br \/>\n<em>LE MONDE :<\/em><br \/>\n<em> \u00ab La performance du com\u00e9dien, sans d\u00e9cor et avec peu d&rsquo;accessoires (un vieux yucca, un tabouret, un balai) est jubilatoire et d&rsquo;une \u00e9nergie stup\u00e9fiante \u00bb<\/em><\/p>\n<p style=\"text-align: justify;\"><strong><a href=\"http:\/\/www.la-tete-de-mule.fr\/wp-content\/uploads\/2012\/09\/beautes-inutiles1.jpg\"><img loading=\"lazy\" decoding=\"async\" class=\"alignleft size-full wp-image-259\" title=\"beautes-inutiles\" src=\"http:\/\/www.la-tete-de-mule.fr\/wp-content\/uploads\/2012\/09\/beautes-inutiles1.jpg\" alt=\"\" width=\"283\" height=\"190\" \/><\/a>Les beaut\u00e9s inutiles<\/strong><br \/>\n<em>10 &amp; 11 f\u00e9vrier 2012<\/em><br \/>\n<em> La compagnie MaMuse<\/em><br \/>\n<em> Avec : Delphine Alvado ou Nathalie Barolle, Laetitia Bos, Eric Vanelle<\/em><br \/>\n<em> Mise en sc\u00e8ne et adaptation : Eric Vanelle<\/em><br \/>\nLes Beaut\u00e9s inutiles nous entra\u00eenent sur les traces de quelques uns des sept p\u00e9ch\u00e9s capitaux\u2026 Ces probl\u00e9matiques sont ch\u00e8res \u00e0 Maupassant et elles sont exacerb\u00e9es dans cette adaptation de quatre nouvelles qui tournent autour des travers humains. Du couple perfide du Million \u00e0 celui d\u00e9sesp\u00e9r\u00e9 de La Parure, de la petite Baronne du Signe \u00e0 Boule de Suif et sa condition perp\u00e9tuelle de prostitu\u00e9e, le spectacle d\u00e9peint un univers en mouvement fr\u00f4lant le tragique et touchant aussi souvent \u00e0 l\u2019humour le plus pointu.<br \/>\n<em>LA D\u00c9P\u00caCHE DU MIDI :<\/em><br \/>\n<em> \u00ab \u00c9ric Vanelle a choisi le parti pris de l&rsquo;humour. Mise en sc\u00e8ne rythm\u00e9e et com\u00e9diens virtuoses, quel que soit le registre abord\u00e9 ! \u00bb<\/em><\/p>\n<p style=\"text-align: justify;\"><strong><a href=\"http:\/\/www.la-tete-de-mule.fr\/wp-content\/uploads\/2012\/09\/belle-mere1.jpg\"><img loading=\"lazy\" decoding=\"async\" class=\"alignleft size-full wp-image-260\" title=\"belle-mere\" src=\"http:\/\/www.la-tete-de-mule.fr\/wp-content\/uploads\/2012\/09\/belle-mere1.jpg\" alt=\"\" width=\"283\" height=\"190\" \/><\/a>La belle-m\u00e8re<\/strong><br \/>\n<em>17 &amp; 18 f\u00e9vrier 2012<\/em><br \/>\n<em>De : Xavier Chavari<\/em><br \/>\n<em>Avec : Isabelle Parsy<\/em><br \/>\nElle s\u2018appelle Laurence Dubourg. Elle porte un nom tr\u00e9s chic, tr\u00e8s classe, mais c\u2018est une teigne qui veille comme une tigresse sur son fils unique Alexandre, son enfant ch\u00e9ri, la prunelle de ses yeux de louve hyst\u00e9rique. Un enfant qu\u2018elle voudrait plus docile, plus pr\u00e9sent, et qui, \u00e0 plus de vingt ans, ne l\u2018entend plus du tout de cette oreille. Il faut dire qu\u2018Alexandre vient de tomber amoureux d\u2018une certaine Marina, avec qui il compte convoler en justes noces&#8230;<br \/>\n<em>AVIGNEWS :<\/em><br \/>\n<em> \u00ab Isabelle Parsy fait mourir de rire avec son r\u00f4le de m\u00e8re possessive et intol\u00e9rante. \u00bb<\/em><\/p>\n<p style=\"text-align: justify;\"><strong><a href=\"http:\/\/www.la-tete-de-mule.fr\/wp-content\/uploads\/2012\/09\/macbett2011111.jpg\"><img loading=\"lazy\" decoding=\"async\" class=\"alignleft size-full wp-image-261\" title=\"macbett201111\" src=\"http:\/\/www.la-tete-de-mule.fr\/wp-content\/uploads\/2012\/09\/macbett2011111.jpg\" alt=\"\" width=\"283\" height=\"190\" \/><\/a>Macbett<\/strong><br \/>\n<em> 24 &amp; 25 f\u00e9vrier 2012<\/em><br \/>\n<em> Compagnie La T\u00eate de Mule<\/em><br \/>\n<em> Mise en sc\u00e8ne : Frank Sixdenier<\/em><br \/>\n<em> Avec : Caroline Figuiera, Ludovic Chantraine, Jean Jacques Michelet et Frank Sixdenier.<\/em><br \/>\nPi\u00e8ce peu connue du r\u00e9pertoire contemporain, insolite et jubilatoire, elle bouleverse et transcende les fronti\u00e8res \u00e9tablies entre les diff\u00e9rents genres th\u00e9\u00e2traux. Ionesco ne s&rsquo;est pas content\u00e9 ici d&rsquo;adapter le chef-d&rsquo;\u0153uvre anglais mais a r\u00e9alis\u00e9 un superbe travail de recr\u00e9ation, d\u00e9veloppant des personnages secondaires ou en occultant d&rsquo;autres \u00e0 travers un d\u00e9coupage original.<br \/>\nAu souffle shakespearien, il ajoute l&rsquo;humour et la loufoquerie car jouer avec les mots ou les situations d\u00e9cal\u00e9es est pour lui une d\u00e9livrance, le seul moyen de d\u00e9dramatiser notre sombre condition\u2026<br \/>\n<em>LA NOUVELLE REVUE FRAN\u00e7AISE :<\/em><br \/>\n<em> \u00ab La plus noire et la plus dr\u00f4le des pi\u00e8ces de Ionesco. Bravo \u00e0 la T\u00eate de Mule ! \u00bb<\/em><\/p>\n<p style=\"text-align: justify;\"><strong><a href=\"http:\/\/www.la-tete-de-mule.fr\/wp-content\/uploads\/2012\/09\/quitte-a-pleurer1.jpg\"><img loading=\"lazy\" decoding=\"async\" class=\"alignleft size-full wp-image-262\" title=\"quitte-a-pleurer\" src=\"http:\/\/www.la-tete-de-mule.fr\/wp-content\/uploads\/2012\/09\/quitte-a-pleurer1.jpg\" alt=\"\" width=\"283\" height=\"190\" \/><\/a>Quitte \u00e0 pleurer sur son sort, autant le faire en rigolant<\/strong><br \/>\n<em>16 &amp; 17 mars 2012<\/em><br \/>\n<em> \u00c9criture et mise en sc\u00e8ne : Bonbon<\/em><br \/>\n<em> Accord\u00e9on : Adrian Iordan ou S\u00e9bastien Malherbe<\/em><br \/>\nDans ce spectacle, Bonbon ne fait pas qu&rsquo;interpr\u00e9ter avec truculence, humour et \u00e9motion les plus grandes chansons de cette immense artiste que fut Fr\u00e9hel : elle \u00e9voque la vie hors normes d&rsquo;un monstre du music-hall, d&rsquo;une v\u00e9ritable b\u00eate de sc\u00e8ne, qui n&rsquo;h\u00e9sitait pas \u00e0 s&rsquo;arr\u00eater au beau milieu d&rsquo;une chanson pour haranguer le public !<br \/>\nBonbon met toute sa personnalit\u00e9 au service de ce personnage titanesque. sa force, sa pr\u00e9sence sc\u00e9nique et l&rsquo;originalit\u00e9 de son interpr\u00e9tation font de ce spectacle plus qu&rsquo;un tour de chant : la rencontre novatrice et d\u00e9capante du th\u00e9\u00e2tre et du music-hall, le t\u00e9lescopage du rire et des larmes&#8230;<br \/>\n<em>LA VOIX DU NORD :<\/em><br \/>\n<em> \u00ab Quelle pr\u00e9sence sur sc\u00e8ne, cette Bonbon ! \u00bb chuchotaient les spectateurs \u00e0 la fois surpris et \u00e9merveill\u00e9s par ce personnage haut en couleur et pittoresque\u2026 \u00bb<\/em><\/p>\n<p style=\"text-align: justify;\"><strong><a href=\"http:\/\/www.la-tete-de-mule.fr\/wp-content\/uploads\/2012\/09\/azimuth-201111.jpg\"><img loading=\"lazy\" decoding=\"async\" class=\"alignleft size-full wp-image-263\" title=\"azimuth-20111\" src=\"http:\/\/www.la-tete-de-mule.fr\/wp-content\/uploads\/2012\/09\/azimuth-201111.jpg\" alt=\"\" width=\"283\" height=\"190\" \/><\/a>\u00c0 table !<\/strong><br \/>\n<em>23 &amp; 24 mars 2012<\/em><br \/>\n<em> Auteur et Interpr\u00e8te : Bernard Azimuth<\/em><br \/>\n<em> Mise en sc\u00e8ne : Patrick Dray<\/em><br \/>\n<em> Cr\u00e9ation lumi\u00e8re : Edwin Garnier<\/em><br \/>\nAu travers de personnages excessifs, intol\u00e9rants, impatients, born\u00e9s et stupides, na\u00effs et parfois involontairement cruels, Bernard Azimuth nous entra\u00eene dans son monde bien \u00e0 lui o\u00f9 rien n\u2019est simple ! M\u00eame \u00ab parler \u00bb, parfois est difficile. Employer le pr\u00e9sent ou l\u2019imparfait peut se r\u00e9v\u00e9ler pour lui un v\u00e9ritable casse t\u00eate. Aller \u00e0 l\u2019Op\u00e9ra de Paris, \u00e9crire un constat \u00e0 l\u2019amiable, offrir des cadeaux, t\u00e9l\u00e9phoner, descendre l\u2019escalier : avec lui, on peut \u00eatre certain que \u00e7a va mal se passer ! En tout cas, on n\u2019est jamais tranquille. Percevoir tout simplement la r\u00e9alit\u00e9 des choses lui est \u00e9tranger. Tout est d\u00e9form\u00e9. Suspect. Impossible.<br \/>\n<em>LA PROVENCE :<\/em><br \/>\n<em> \u00ab Dans son nouveau spectacle, Bernard Azimuth nous embarque dans une histoire abracadabrantesque. Pleine de surprises. De moments d\u2019\u00e9motions aussi. De personnages atypiques. De situations croquignolesques. \u00bb<\/em><\/p>\n<p style=\"text-align: justify;\"><strong><a href=\"http:\/\/www.la-tete-de-mule.fr\/wp-content\/uploads\/2012\/09\/Jupecourte21.jpg\"><img loading=\"lazy\" decoding=\"async\" class=\"alignleft size-full wp-image-264\" title=\"Jupecourte2\" src=\"http:\/\/www.la-tete-de-mule.fr\/wp-content\/uploads\/2012\/09\/Jupecourte21.jpg\" alt=\"\" width=\"283\" height=\"190\" \/><\/a>Jupe courte et cons\u00e9quences&#8230;<\/strong><br \/>\n<em>30 &amp; 31 mars 2012<\/em><br \/>\n<em> Auteur : Herv\u00e9 Devolder <\/em><br \/>\n<em>Avec : St\u00e9phanie Caillol et Herv\u00e9 Devolder <\/em><br \/>\n<em>Mise en sc\u00e8ne de l&rsquo;auteur<\/em><br \/>\nUne hyst\u00e9rique, une psychopathe ? Mais qui est cette curieuse femme qui vient interrompre la lecture d\u2019un homme paisible, dont le seul tort est de l\u2019avoir discr\u00e8tement reluqu\u00e9e ? Il lit sur le banc d\u2019un parc, elle passe, l\u2019oeil hagard, balan\u00e7ant sa fine silhouette sciemment mise en valeur. Lui, jette un oeil rapide, gu\u00e8re plus, rien d\u2019outrageant en soi. La jeune demoiselle ne s\u2019offusque m\u00eame pas. \u00ab Elles vous plaisent ? \u2026 Mes fesses ? \u00bb lui dit-elle hardiment, mutine.<br \/>\n<em>LE PARISIEN :<\/em><br \/>\n<em> \u00ab Port\u00e9e par le texte tout en finesse, cette com\u00e9die tonique d\u00e9cortique avec dr\u00f4lerie et \u00e9motion les \u00e9tats de la condition amoureuse..?\u00bb<\/em><\/p>\n<p style=\"text-align: justify;\"><strong><a href=\"http:\/\/www.la-tete-de-mule.fr\/wp-content\/uploads\/2012\/09\/miroir1.jpg\"><img loading=\"lazy\" decoding=\"async\" class=\"alignleft size-full wp-image-265\" title=\"miroir\" src=\"http:\/\/www.la-tete-de-mule.fr\/wp-content\/uploads\/2012\/09\/miroir1.jpg\" alt=\"\" width=\"283\" height=\"190\" \/><\/a>Le miroir<\/strong><br \/>\n<em>6 &amp; 7 avril 2012<\/em><br \/>\n<em> Auteur : Trinidad<\/em><br \/>\n<em>Interpr\u00e8tes : Trinidad et Vanina Sicurani <\/em><br \/>\n<em>Mise en sc\u00e8ne : Christophe Luthringer<\/em><br \/>\nTrinidad revient avec une com\u00e9die \u00ab\u00a0thrillopsychologique\u00a0\u00bb, dans laquelle elle encha\u00eene personnages et rebondissements jonglant avec le rire et l&rsquo;\u00e9motion. Habile strat\u00e8ge, elle nous entra\u00eene dans un p\u00e9riple au pays des souvenirs enfouis quelque part entre secrets de famille et microsillons d\u2019un vieux trente- trois tours. Derri\u00e8re le miroir ensorceleur et r\u00e9v\u00e9lateur appara\u00eet son alter ego, Vanina Sicurani, la chanteuse de jazz sensuelle \u00e0 la voix profonde. Tout dans ce spectacle, lumi\u00e8re, musique, effets \u00ab\u00a0sp\u00e9ciaux\u00a0\u00bb est une invitation au voyage.<br \/>\n<em>LE NOUVEL OBS :<\/em><br \/>\n<em> \u00ab\u00a0Une com\u00e9dienne \u00e9mouvante, tr\u00e8s savoureuse.\u00a0\u00bb<\/em><\/p>\n<p style=\"text-align: justify;\"><strong><a href=\"http:\/\/www.la-tete-de-mule.fr\/wp-content\/uploads\/2012\/09\/artisto1.jpg\"><img loading=\"lazy\" decoding=\"async\" class=\"alignleft size-full wp-image-266\" title=\"artisto\" src=\"http:\/\/www.la-tete-de-mule.fr\/wp-content\/uploads\/2012\/09\/artisto1.jpg\" alt=\"\" width=\"283\" height=\"190\" \/><\/a>Elastic dans \u00ab Artisto ! \u00bb<\/strong><br \/>\n<em> 13 &amp; 14 avril 2012<\/em><br \/>\n<em> Compagnie rirolarmes<\/em><br \/>\n<em>De et par : St\u00e9phane Delvaux<\/em><br \/>\n<em>Mise en sc\u00e8ne : Louis Spagna<\/em><br \/>\nDifficile de r\u00e9sister \u00e0 l\u2019humour visuel d\u00e9lirant d&rsquo;ELASTIC, un personnage burlesque \u00e0 l\u2019accent italien qui, dans \u00ab Artisto ! \u00bb, essaye \u00e0 lui tout seul de pr\u00e9senter \u00ab SON plus Grand Cabaret \u00bb. Pour y parvenir et \u00e9blouir au mieux son public, il entame alors une succession de num\u00e9ros circassiens (acrobate de la muerte, fakir mystique, marionnettiste animalier, magicien, motard fou et autres performances rocambolesques)\u2026 rat\u00e9s ! Parmi ces num\u00e9ros incroyables, notons l\u2019impensable\u2026et unique au monde saut \u00e0 l\u2019\u00e9lastique \u2018Live\u2019 HORIZONTAL ! Une entr\u00e9e en sc\u00e8ne inoubliable pour le plaisir des yeux et les sueurs froides qu\u2019elle procure.<br \/>\n<em>LE SOIR :<\/em><br \/>\n<em> \u00ab Malgr\u00e9 un genre difficile \u00e0 d\u00e9fendre, Elastic fait un tabac. Sa face \u00e0 faire rire un mort ach\u00e8ve l\u2019op\u00e9ration de s\u00e9duction. \u00bb<\/em><\/p>\n<p style=\"text-align: justify;\"><strong><a href=\"http:\/\/www.la-tete-de-mule.fr\/wp-content\/uploads\/2012\/09\/albert1.jpg\"><img loading=\"lazy\" decoding=\"async\" class=\"alignleft size-full wp-image-267\" title=\"albert\" src=\"http:\/\/www.la-tete-de-mule.fr\/wp-content\/uploads\/2012\/09\/albert1.jpg\" alt=\"\" width=\"283\" height=\"190\" \/><\/a>L\u2019Albertmondialiste<\/strong><br \/>\n<em>20 &amp; 21 avril 2012<\/em><br \/>\n<em>De et par : Albert Meslay<\/em><br \/>\nAlbert Meslay est un cas, et m\u00eame un cas grave. Du d\u00e9but de l\u2019\u00e9criture, \u201cLes premiers \u00e9crits ressemblaient \u00e0 des emails grav\u00e9s dans la pierre et \u00e0 consulter sur place\u201d \u00e0 la fin du monde, \u00ab Le jour de l\u2019apocalypse, en un instant, les fortunes des nantis seront an\u00e9anties et les dettes des pauvres annul\u00e9es : on aura une fin du monde de gauche! \u00bb, cet hurluberlu donne son opinion sur tout et m\u00eame sur des sujets qu\u2019il ne connait pas : \u201cLe droit de se tromper est un privil\u00e8ge qui ne doit pas \u00eatre r\u00e9serv\u00e9 qu\u2019aux experts\u201d. il s\u2019en prend au travail, cause principale du r\u00e9chauffement de la plan\u00e8te et pr\u00f4ne la d\u00e9fense de l\u2019\u00e9galit\u00e9 des malchances \u00e0 la naissance.<br \/>\n<em>T\u00c9L\u00c9RAMA :<\/em><br \/>\n<em> \u00ab Surr\u00e9aliste, parfois grin\u00e7ant, toujours intelligent, son humour est propre \u00e0 r\u00e9veiller les neurones les plus fatigu\u00e9s. \u00bb<\/em><\/p>\n","protected":false},"excerpt":{"rendered":"<p>Smoking Chopin 20 &amp; 21 janvier 2012 Pr\u00e9sent\u00e9 par la compagnie Italienne : Teatro del Chiodo Cr\u00e9\u00e9 par Thomas et Lorenzo La musique est classique. On reconna\u00eet Schubert, Saint-Sa\u00ebns, Chopin, bien s\u00fbr, qui donne son nom \u00e0 ce spectacle hors norme. Mais le r\u00e9cital, lui, n\u2019a rien de classique. Il emprunte sans vergogne \u00e0 Buster Keaton et aux Marx Brothers en multipliant fac\u00e9ties burlesques et morceaux de bravoure. A peine entr\u00e9s en sc\u00e8ne, les deux comparses se retrouvent en butte&#8230;<\/p>\n<p class=\"read-more\"><a class=\"btn btn-default\" href=\"https:\/\/www.la-tete-de-mule.fr\/?page_id=94\">Lire la suite<span class=\"screen-reader-text\"> Lire la suite<\/span><\/a><\/p>\n","protected":false},"author":5,"featured_media":0,"parent":77,"menu_order":0,"comment_status":"closed","ping_status":"open","template":"","meta":{"footnotes":""},"class_list":["post-94","page","type-page","status-publish","hentry"],"_links":{"self":[{"href":"https:\/\/www.la-tete-de-mule.fr\/index.php?rest_route=\/wp\/v2\/pages\/94","targetHints":{"allow":["GET"]}}],"collection":[{"href":"https:\/\/www.la-tete-de-mule.fr\/index.php?rest_route=\/wp\/v2\/pages"}],"about":[{"href":"https:\/\/www.la-tete-de-mule.fr\/index.php?rest_route=\/wp\/v2\/types\/page"}],"author":[{"embeddable":true,"href":"https:\/\/www.la-tete-de-mule.fr\/index.php?rest_route=\/wp\/v2\/users\/5"}],"replies":[{"embeddable":true,"href":"https:\/\/www.la-tete-de-mule.fr\/index.php?rest_route=%2Fwp%2Fv2%2Fcomments&post=94"}],"version-history":[{"count":13,"href":"https:\/\/www.la-tete-de-mule.fr\/index.php?rest_route=\/wp\/v2\/pages\/94\/revisions"}],"predecessor-version":[{"id":701,"href":"https:\/\/www.la-tete-de-mule.fr\/index.php?rest_route=\/wp\/v2\/pages\/94\/revisions\/701"}],"up":[{"embeddable":true,"href":"https:\/\/www.la-tete-de-mule.fr\/index.php?rest_route=\/wp\/v2\/pages\/77"}],"wp:attachment":[{"href":"https:\/\/www.la-tete-de-mule.fr\/index.php?rest_route=%2Fwp%2Fv2%2Fmedia&parent=94"}],"curies":[{"name":"wp","href":"https:\/\/api.w.org\/{rel}","templated":true}]}}